{"id":3868,"date":"2021-09-21T15:59:39","date_gmt":"2021-09-21T15:59:39","guid":{"rendered":"https:\/\/portugalexpo2020dubai.pt\/index.php\/restaurant\/"},"modified":"2021-11-02T17:25:40","modified_gmt":"2021-11-02T17:25:40","slug":"restaurante","status":"publish","type":"page","link":"https:\/\/portugalexpo2020dubai.pt\/index.php\/restaurante\/?lang=pt-pt","title":{"rendered":"Restaurante"},"content":{"rendered":"<p>[vc_row content_placement=&#8221;middle&#8221; css_animation=&#8221;bottom-to-top&#8221; row_content_width=&#8221;grid&#8221; content_text_aligment=&#8221;center&#8221; css=&#8221;.vc_custom_1631019109026{padding-top: 120px !important;padding-bottom: 51px !important;}&#8221;][vc_column]<div class=\"eltdf-section-title-holder   eltdf-st-decorative-line\" >\n\t<div class=\"eltdf-st-inner\">\n                    <h5 class=\"eltdf-st-caption\" style=\"color: #dcb777;margin: 0 0 6px 0\">\n                <span class=\"eltdf-st-caption-inner\" >Restaurante<\/span>\n            <\/h5>\n        \t\t\t\t\t<h2 class=\"eltdf-st-title\" >\n    <span class=\"eltdf-st-title-inner\"><span class=\"eltdf-st-side-line-left\" ><\/span>AL-LUSITANO BY CHAKALL<span class=\"eltdf-st-side-line-right\" ><\/span><\/span>\n\t\t\t<\/h2>\n\t\t\t\t\t\t\t<\/div>\n<\/div>[\/vc_column][\/vc_row][vc_row content_placement=&#8221;middle&#8221; css_animation=&#8221;bottom-to-top&#8221; row_content_width=&#8221;grid&#8221; content_text_aligment=&#8221;left&#8221; css=&#8221;.vc_custom_1630589211637{padding-bottom: 51px !important;}&#8221;][vc_column offset=&#8221;vc_col-lg-offset-0 vc_col-lg-6 vc_col-md-offset-0 vc_col-md-12 vc_col-sm-offset-0 vc_col-xs-12&#8243;][vc_column_text]<span style=\"font-weight: 400;\">Como Luso-Argentino, o Chef Chakall tem viajado por Portugal ao longo de v\u00e1rios anos \u2013 quer a preparar programas de culin\u00e1ria, quer por participa\u00e7\u00f5es em diversos eventos e showcookings regionais \u2013 tendo adquirido um conhecimento profundo da gastronomia portuguesa, das serras ao mar, passando sempre pelas ilhas.<\/span><\/p>\n<p><span style=\"font-weight: 400;\">A abordagem gastron\u00f3mica que se pretende oferecer num certame desta natureza pretende demonstrar um pouco da geografia de sabores do nosso pa\u00eds, a autenticidade e qualidade dos produtos end\u00f3genos mostrados ao mundo. O resultado \u00e9 uma celebra\u00e7\u00e3o dos pratos mais t\u00edpicos e ic\u00f3nicos de Portugal, onde a tradi\u00e7\u00e3o encontra ingredientes de excel\u00eancia que revelam o verdadeiro sabor, car\u00e1ter e autenticidade da culin\u00e1ria portuguesa.\u00a0<\/span><\/p>\n<p><span style=\"font-weight: 400;\">Aliando as mais diversas t\u00e9cnicas de cozinha \u00e0 criatividade caracter\u00edstica do Chef Chakall, os pratos chegar\u00e3o por certo ao vasto e variado p\u00fablico que visitar\u00e1 a Expo 2020 Dubai.<\/span><\/p>\n<p><span style=\"font-weight: 400;\">Temos orgulho no que fazemos e queremos que Portugal seja lembrado, entre outras coisas, pela sua gastronomia rica e deliciosa.<\/span>[\/vc_column_text][vc_empty_space height=&#8221;53px&#8221;][\/vc_column][vc_column offset=&#8221;vc_col-lg-offset-0 vc_col-lg-6 vc_col-md-offset-0 vc_col-md-12 vc_col-sm-offset-0 vc_col-xs-12&#8243;][vc_single_image image=&#8221;3646&#8243; img_size=&#8221;full&#8221;][vc_empty_space height=&#8221;53px&#8221;][\/vc_column][\/vc_row][vc_row content_placement=&#8221;middle&#8221; css_animation=&#8221;zoomIn&#8221; row_content_width=&#8221;grid&#8221; content_text_aligment=&#8221;center&#8221; css=&#8221;.vc_custom_1630589270019{padding-top: 51px !important;padding-bottom: 51px !important;}&#8221;][vc_column css_animation=&#8221;none&#8221;][vc_images_carousel images=&#8221;5556,5554,5552,5550&#8243; img_size=&#8221;full&#8221; onclick=&#8221;link_no&#8221; speed=&#8221;2500&#8243; autoplay=&#8221;yes&#8221; hide_prev_next_buttons=&#8221;yes&#8221; wrap=&#8221;yes&#8221; css_animation=&#8221;none&#8221;][\/vc_column][\/vc_row][vc_row content_placement=&#8221;middle&#8221; row_content_width=&#8221;grid&#8221; content_text_aligment=&#8221;center&#8221; css=&#8221;.vc_custom_1631019808429{padding-top: 100px !important;padding-bottom: 51px !important;}&#8221;][vc_column]<div class=\"eltdf-section-title-holder   eltdf-st-decorative-line\" >\n\t<div class=\"eltdf-st-inner\">\n                    <h5 class=\"eltdf-st-caption\" style=\"color: #dcb777;margin: 0 0 6px 0\">\n                <span class=\"eltdf-st-caption-inner\" >Restaurante<\/span>\n            <\/h5>\n        \t\t\t\t\t<h2 class=\"eltdf-st-title\" >\n    <span class=\"eltdf-st-title-inner\"><span class=\"eltdf-st-side-line-left\" ><\/span>Ementa<span class=\"eltdf-st-side-line-right\" ><\/span><\/span>\n\t\t\t<\/h2>\n\t\t\t\t\t\t\t<\/div>\n<\/div>[\/vc_column][\/vc_row][vc_row content_placement=&#8221;middle&#8221; css_animation=&#8221;bottom-to-top&#8221; row_content_width=&#8221;grid&#8221; content_text_aligment=&#8221;left&#8221; css=&#8221;.vc_custom_1630589285296{padding-bottom: 51px !important;}&#8221;][vc_column width=&#8221;1\/2&#8243; offset=&#8221;vc_col-lg-offset-0 vc_col-lg-6 vc_col-md-offset-0 vc_col-md-12 vc_col-sm-offset-0 vc_col-xs-12&#8243;][vc_single_image image=&#8221;3988&#8243; img_size=&#8221;full&#8221;][vc_empty_space height=&#8221;53px&#8221;][\/vc_column][vc_column width=&#8221;1\/2&#8243; offset=&#8221;vc_col-lg-offset-0 vc_col-lg-6 vc_col-md-offset-0 vc_col-md-12 vc_col-sm-offset-0 vc_col-xs-12&#8243;][vc_column_text]<\/p>\n<h4 class=\"p1\"><b>Entradas <\/b><span style=\"font-weight: 400;\">(pequenas doses ideais para partilhar) <\/span><\/h4>\n<p>Peixinhos da Horta<\/p>\n<p>Ovos Mexidos com Alheira de Aves<\/p>\n<p>Mini Empada de Galinha<\/p>\n<p>Bolinhas de Alheira de Aves<\/p>\n<p>Gambas ao Alho<\/p>\n<p>Queijo de Cabra Assado com Mel da Serra da Estrela<\/p>\n<p>T\u00e1bua de Enchidos de Peru<\/p>\n<p>Camar\u00e3o Cozido<\/p>\n<p>Pica-pau de vaca (servido com p\u00e3o de \u00e1gua)<\/p>\n<p>Pataniscas de Bacalhau<\/p>\n<p>Salada de Polvo<\/p>\n<p>Salada de Bacalhau com Gr\u00e3o<\/p>\n<p>Croquetes de Vitela<\/p>\n<p>Riss\u00f3is de Camar\u00e3o<\/p>\n<p>Carpaccio de Bacalhau<\/p>\n<p>Milho Frito da Madeira<\/p>\n<p>Bolo do Caco com Manteiga Verde<\/p>\n<p>Am\u00eaijoas \u00e0 Bulh\u00e3o Pato (servido com tostas)<\/p>\n<p>Petinga Frita[\/vc_column_text][vc_empty_space height=&#8221;53px&#8221;][\/vc_column][\/vc_row][vc_row content_placement=&#8221;middle&#8221; css_animation=&#8221;bottom-to-top&#8221; row_content_width=&#8221;grid&#8221; content_text_aligment=&#8221;left&#8221; css=&#8221;.vc_custom_1630589299032{padding-bottom: 51px !important;}&#8221;][vc_column width=&#8221;1\/2&#8243; offset=&#8221;vc_col-lg-offset-0 vc_col-lg-6 vc_col-md-offset-0 vc_col-md-12 vc_col-sm-offset-0 vc_col-xs-12&#8243;][vc_column_text]<\/p>\n<h4 class=\"p1\"><b>Peixe e Mariscos<\/b><\/h4>\n<p>Sardinhas Assadas (conforme disponibilidade)<\/p>\n<p>Garoupa Escalada<\/p>\n<p>Peixe do Dia<\/p>\n<p>Bacalhau \u00e0 Lagareira<\/p>\n<p>Bacalhau com Broa e Pur\u00e9 de Gr\u00e3o<\/p>\n<p>Polvo \u00e0 Lagareiro<\/p>\n<p>Arroz de Marisco<\/p>\n<p>Cataplana \u00e0 Algarvia<\/p>\n<p>Mariscada (lagosta, camar\u00e3o, lingueir\u00e3o e mexilh\u00e3o)[\/vc_column_text][vc_empty_space height=&#8221;53px&#8221;][\/vc_column][vc_column width=&#8221;1\/2&#8243; offset=&#8221;vc_col-lg-offset-0 vc_col-lg-6 vc_col-md-offset-0 vc_col-md-12 vc_col-sm-offset-0 vc_col-xs-12&#8243;][vc_single_image image=&#8221;3986&#8243; img_size=&#8221;full&#8221;][vc_empty_space height=&#8221;53px&#8221;][\/vc_column][\/vc_row][vc_row content_placement=&#8221;middle&#8221; css_animation=&#8221;bottom-to-top&#8221; row_content_width=&#8221;grid&#8221; content_text_aligment=&#8221;left&#8221; css=&#8221;.vc_custom_1630589315856{padding-bottom: 51px !important;}&#8221;][vc_column width=&#8221;1\/2&#8243; offset=&#8221;vc_col-lg-offset-0 vc_col-lg-6 vc_col-md-offset-0 vc_col-md-12 vc_col-sm-offset-0 vc_col-xs-12&#8243;][vc_single_image image=&#8221;3990&#8243; img_size=&#8221;full&#8221;][vc_empty_space height=&#8221;53px&#8221;][\/vc_column][vc_column width=&#8221;1\/2&#8243; offset=&#8221;vc_col-lg-offset-0 vc_col-lg-6 vc_col-md-offset-0 vc_col-md-12 vc_col-sm-offset-0 vc_col-xs-12&#8243;][vc_column_text]<\/p>\n<h4 class=\"p1\"><b>Carne<\/b><\/h4>\n<p>Cabrito \u00e0 Padeiro<\/p>\n<p>Perna de Borrego Assado<\/p>\n<p>Posta Mirandesa<\/p>\n<p>Espetada Madeirense<\/p>\n<p>Costela da Vazia com Molho de Manteiga<\/p>\n<p>Frango Piri-Piri<\/p>\n<p>Tugaburger<\/p>\n<p>Prego<\/p>\n<p>Bitoque[\/vc_column_text][vc_empty_space height=&#8221;53px&#8221;][\/vc_column][\/vc_row][vc_row content_placement=&#8221;middle&#8221; css_animation=&#8221;bottom-to-top&#8221; row_content_width=&#8221;grid&#8221; content_text_aligment=&#8221;left&#8221; css=&#8221;.vc_custom_1630589328957{padding-bottom: 51px !important;}&#8221;][vc_column width=&#8221;1\/2&#8243; offset=&#8221;vc_col-lg-offset-0 vc_col-lg-6 vc_col-md-offset-0 vc_col-md-12 vc_col-sm-offset-0 vc_col-xs-12&#8243;][vc_column_text]<\/p>\n<h4 class=\"p1\"><b>Saladas<\/b><\/h4>\n<p>Salada de pimentos<\/p>\n<p>Salada de tomate, cebola e or\u00e9g\u00e3os<\/p>\n<p>Salada mista \u2013 alface, tomate e cebola[\/vc_column_text][vc_empty_space height=&#8221;53px&#8221;][\/vc_column][vc_column width=&#8221;1\/2&#8243; offset=&#8221;vc_col-lg-offset-0 vc_col-lg-6 vc_col-md-offset-0 vc_col-md-12 vc_col-sm-offset-0 vc_col-xs-12&#8243;][vc_single_image image=&#8221;3992&#8243; img_size=&#8221;full&#8221;][vc_empty_space height=&#8221;53px&#8221;][\/vc_column][\/vc_row][vc_row content_placement=&#8221;middle&#8221; css_animation=&#8221;bottom-to-top&#8221; row_content_width=&#8221;grid&#8221; content_text_aligment=&#8221;left&#8221; css=&#8221;.vc_custom_1630589315856{padding-bottom: 51px !important;}&#8221;][vc_column width=&#8221;1\/2&#8243; offset=&#8221;vc_col-lg-offset-0 vc_col-lg-6 vc_col-md-offset-0 vc_col-md-12 vc_col-sm-offset-0 vc_col-xs-12&#8243;][vc_single_image image=&#8221;3996&#8243; img_size=&#8221;full&#8221;][vc_empty_space height=&#8221;53px&#8221;][\/vc_column][vc_column width=&#8221;1\/2&#8243; offset=&#8221;vc_col-lg-offset-0 vc_col-lg-6 vc_col-md-offset-0 vc_col-md-12 vc_col-sm-offset-0 vc_col-xs-12&#8243;][vc_column_text]<\/p>\n<h4 class=\"p1\"><b>Sobremesas e Pastelaria<\/b><\/h4>\n<p>Pastel de Nata<\/p>\n<p>Arroz Doce<\/p>\n<p>Leite Creme<\/p>\n<p>P\u00e3o de L\u00f3 com Mirtilos<\/p>\n<p>Carpaccio de Anan\u00e1s e Coentros<\/p>\n<p>Sericaia<\/p>\n<p>Bolo Dona Am\u00e9lia<\/p>\n<p>Folar de Ovos<\/p>\n<p>Pudim de Castanha<br \/>\n[\/vc_column_text][vc_empty_space height=&#8221;53px&#8221;][\/vc_column][\/vc_row][vc_row disable_element=&#8221;yes&#8221; row_content_width=&#8221;grid&#8221; content_text_aligment=&#8221;center&#8221; css=&#8221;.vc_custom_1632242589281{padding-bottom: 160px !important;}&#8221; el_id=&#8221;BookTable&#8221;][vc_column][vc_row_inner row_content_width=&#8221;grid&#8221; content_text_aligment=&#8221;center&#8221; simple_background_color=&#8221;#f8f8f8&#8243; css=&#8221;.vc_custom_1569490825683{padding-top: 122px !important;padding-bottom: 134px !important;}&#8221;][vc_column_inner offset=&#8221;vc_col-lg-offset-2 vc_col-lg-8 vc_col-md-offset-0 vc_col-md-12 vc_col-sm-offset-0 vc_col-xs-12&#8243; css=&#8221;.vc_custom_1569933224878{padding-right: 5% !important;padding-left: 5% !important;}&#8221;]<div class=\"eltdf-section-title-holder   \" style=\"text-align: center\">\n\t<div class=\"eltdf-st-inner\">\n                    <h5 class=\"eltdf-st-caption\" style=\"color: #dcb777;margin: 0 0 7px 0\">\n                <span class=\"eltdf-st-caption-inner\" >Restaurant<\/span>\n            <\/h5>\n        \t\t\t\t\t<h2 class=\"eltdf-st-title\" >\n    <span class=\"eltdf-st-title-inner\"><span class=\"eltdf-st-side-line-left\" ><\/span>Book Table<span class=\"eltdf-st-side-line-right\" ><\/span><\/span>\n\t\t\t<\/h2>\n\t\t\t\t\t\t\t<\/div>\n<\/div>[vc_empty_space height=&#8221;45px&#8221;]\n<div class=\"wpcf7 no-js\" id=\"wpcf7-f2528-o1\" lang=\"en-US\" dir=\"ltr\" data-wpcf7-id=\"2528\">\n<div class=\"screen-reader-response\"><p role=\"status\" aria-live=\"polite\" aria-atomic=\"true\"><\/p> <ul><\/ul><\/div>\n<form action=\"\/index.php\/wp-json\/wp\/v2\/pages\/3868#wpcf7-f2528-o1\" method=\"post\" class=\"wpcf7-form init cf7_custom_style_3\" aria-label=\"Contact form\" novalidate=\"novalidate\" data-status=\"init\">\n<fieldset class=\"hidden-fields-container\"><input type=\"hidden\" name=\"_wpcf7\" value=\"2528\" \/><input type=\"hidden\" name=\"_wpcf7_version\" value=\"6.1.5\" \/><input type=\"hidden\" name=\"_wpcf7_locale\" value=\"en_US\" \/><input type=\"hidden\" name=\"_wpcf7_unit_tag\" value=\"wpcf7-f2528-o1\" \/><input type=\"hidden\" name=\"_wpcf7_container_post\" value=\"0\" \/><input type=\"hidden\" name=\"_wpcf7_posted_data_hash\" value=\"\" \/>\n<\/fieldset>\n<div class=\"eltdf-newsletter-form-double\">\n\t<div class=\"eltdf-row-half\">\n\t\t<p><label> Name <span class=\"wpcf7-form-control-wrap\" data-name=\"your-name\"><input size=\"40\" maxlength=\"400\" class=\"wpcf7-form-control wpcf7-text wpcf7-validates-as-required\" aria-required=\"true\" aria-invalid=\"false\" value=\"\" type=\"text\" name=\"your-name\" \/><\/span><\/label>\n\t\t<\/p>\n\t\t<p><label> Email<span class=\"wpcf7-form-control-wrap\" data-name=\"your-email\"><input size=\"40\" maxlength=\"400\" class=\"wpcf7-form-control wpcf7-email wpcf7-validates-as-required wpcf7-text wpcf7-validates-as-email\" aria-required=\"true\" aria-invalid=\"false\" value=\"\" type=\"email\" name=\"your-email\" \/><\/span> <\/label>\n\t\t<\/p>\n\t<\/div>\n\t<div class=\"eltdf-row-half\">\n\t\t<p><label> Date <span class=\"wpcf7-form-control-wrap\" data-name=\"date-403\"><input class=\"wpcf7-form-control wpcf7-date wpcf7-validates-as-required wpcf7-validates-as-date\" aria-required=\"true\" aria-invalid=\"false\" value=\"\" type=\"date\" name=\"date-403\" \/><\/span> <\/label>\n\t\t<\/p>\n\t\t<p><label> Time <span class=\"wpcf7-form-control-wrap\" data-name=\"menu-101\"><select class=\"wpcf7-form-control wpcf7-select wpcf7-validates-as-required\" aria-required=\"true\" aria-invalid=\"false\" name=\"menu-101\"><option value=\"\">&#8212;Please choose an option&#8212;<\/option><option value=\"11:30\">11:30<\/option><option value=\"12:00\">12:00<\/option><option value=\"12:30\">12:30<\/option><option value=\"13:00\">13:00<\/option><option value=\"13:30\">13:30<\/option><option value=\"14:00\">14:00<\/option><option value=\"14:30\">14:30<\/option><option value=\"15:00\">15:00<\/option><option value=\"15:30\">15:30<\/option><option value=\"16:00\">16:00<\/option><option value=\"16:30\">16:30<\/option><option value=\"17:00\">17:00<\/option><option value=\"17:30\">17:30<\/option><option value=\"18:00\">18:00<\/option><option value=\"18:30\">18:30<\/option><option value=\"19:00\">19:00<\/option><option value=\"19:30\">19:30<\/option><option value=\"20:00\">20:00<\/option><option value=\"20:30\">20:30<\/option><option value=\"21:00\">21:00<\/option><\/select><\/span><\/label>\n\t\t<\/p>\n\t<\/div>\n\t<p><button class=\"wpcf7-form-control wpcf7-submit eltdf-btn-outline-slit eltdf-btn eltdf-btn-medium eltdf-btn-outline\" type=\"submit\"><span class=\"eltdf-btn-text\">Book a table<\/span><\/button>\n\t<\/p>\n<\/div><p style=\"display: none !important;\" class=\"akismet-fields-container\" data-prefix=\"_wpcf7_ak_\"><label>&#916;<textarea name=\"_wpcf7_ak_hp_textarea\" cols=\"45\" rows=\"8\" maxlength=\"100\"><\/textarea><\/label><input type=\"hidden\" id=\"ak_js_1\" name=\"_wpcf7_ak_js\" value=\"136\"\/><script type=\"text\/javascript\">\n\/* <![CDATA[ *\/\ndocument.getElementById( \"ak_js_1\" ).setAttribute( \"value\", ( new Date() ).getTime() );\n\/* ]]> *\/\n<\/script>\n<\/p><div class=\"wpcf7-response-output\" aria-hidden=\"true\"><\/div>\n<\/form>\n<\/div>\n[\/vc_column_inner][\/vc_row_inner][\/vc_column][\/vc_row]<\/p>\n","protected":false},"excerpt":{"rendered":"<p>[vc_row content_placement=&#8221;middle&#8221; css_animation=&#8221;bottom-to-top&#8221; row_content_width=&#8221;grid&#8221; content_text_aligment=&#8221;center&#8221; css=&#8221;.vc_custom_1631019109026{padding-top: 120px !important;padding-bottom: 51px !important;}&#8221;][vc_column][\/vc_column][\/vc_row][vc_row content_placement=&#8221;middle&#8221; css_animation=&#8221;bottom-to-top&#8221; row_content_width=&#8221;grid&#8221; content_text_aligment=&#8221;left&#8221; css=&#8221;.vc_custom_1630589211637{padding-bottom: 51px !important;}&#8221;][vc_column offset=&#8221;vc_col-lg-offset-0 vc_col-lg-6 vc_col-md-offset-0 vc_col-md-12 vc_col-sm-offset-0 vc_col-xs-12&#8243;][vc_column_text]Como Luso-Argentino, o Chef Chakall tem viajado por Portugal ao longo de v\u00e1rios anos \u2013 quer a preparar [&hellip;]<\/p>\n","protected":false},"author":1,"featured_media":0,"parent":0,"menu_order":0,"comment_status":"closed","ping_status":"closed","template":"full-width.php","meta":{"_monsterinsights_skip_tracking":false,"_monsterinsights_sitenote_active":false,"_monsterinsights_sitenote_note":"","_monsterinsights_sitenote_category":0,"footnotes":""},"class_list":["post-3868","page","type-page","status-publish","hentry"],"yoast_head":"<!-- This site is optimized with the Yoast SEO plugin v27.5 - https:\/\/yoast.com\/product\/yoast-seo-wordpress\/ -->\n<title>Restaurante - Portugal Expo 2020 Dubai<\/title>\n<meta name=\"robots\" content=\"index, follow, max-snippet:-1, max-image-preview:large, max-video-preview:-1\" \/>\n<link rel=\"canonical\" href=\"https:\/\/portugalexpo2020dubai.pt\/index.php\/restaurante\/\" \/>\n<meta property=\"og:locale\" content=\"en_US\" \/>\n<meta property=\"og:type\" content=\"article\" \/>\n<meta property=\"og:title\" content=\"Restaurante - Portugal Expo 2020 Dubai\" \/>\n<meta property=\"og:description\" content=\"[vc_row content_placement=&#8221;middle&#8221; css_animation=&#8221;bottom-to-top&#8221; row_content_width=&#8221;grid&#8221; content_text_aligment=&#8221;center&#8221; css=&#8221;.vc_custom_1631019109026{padding-top: 120px !important;padding-bottom: 51px !important;}&#8221;][vc_column][\/vc_column][\/vc_row][vc_row content_placement=&#8221;middle&#8221; css_animation=&#8221;bottom-to-top&#8221; row_content_width=&#8221;grid&#8221; content_text_aligment=&#8221;left&#8221; css=&#8221;.vc_custom_1630589211637{padding-bottom: 51px !important;}&#8221;][vc_column offset=&#8221;vc_col-lg-offset-0 vc_col-lg-6 vc_col-md-offset-0 vc_col-md-12 vc_col-sm-offset-0 vc_col-xs-12&#8243;][vc_column_text]Como Luso-Argentino, o Chef Chakall tem viajado por Portugal ao longo de v\u00e1rios anos \u2013 quer a preparar [&hellip;]\" \/>\n<meta property=\"og:url\" content=\"https:\/\/portugalexpo2020dubai.pt\/index.php\/restaurante\/?lang=pt-pt\" \/>\n<meta property=\"og:site_name\" content=\"Portugal Expo 2020 Dubai\" \/>\n<meta property=\"article:publisher\" content=\"https:\/\/www.facebook.com\/portugalexpo2020\" \/>\n<meta property=\"article:modified_time\" content=\"2021-11-02T17:25:40+00:00\" \/>\n<meta name=\"twitter:card\" content=\"summary_large_image\" \/>\n<meta name=\"twitter:site\" content=\"@PTexpo2020\" \/>\n<meta name=\"twitter:label1\" content=\"Est. reading time\" \/>\n\t<meta name=\"twitter:data1\" content=\"3 minutes\" \/>\n<script type=\"application\/ld+json\" class=\"yoast-schema-graph\">{\"@context\":\"https:\\\/\\\/schema.org\",\"@graph\":[{\"@type\":\"WebPage\",\"@id\":\"https:\\\/\\\/portugalexpo2020dubai.pt\\\/index.php\\\/restaurante\\\/?lang=pt-pt\",\"url\":\"https:\\\/\\\/portugalexpo2020dubai.pt\\\/index.php\\\/restaurante\\\/?lang=pt-pt\",\"name\":\"Restaurante - Portugal Expo 2020 Dubai\",\"isPartOf\":{\"@id\":\"https:\\\/\\\/portugalexpo2020dubai.pt\\\/#website\"},\"datePublished\":\"2021-09-21T15:59:39+00:00\",\"dateModified\":\"2021-11-02T17:25:40+00:00\",\"breadcrumb\":{\"@id\":\"https:\\\/\\\/portugalexpo2020dubai.pt\\\/index.php\\\/restaurante\\\/?lang=pt-pt#breadcrumb\"},\"inLanguage\":\"en-US\",\"potentialAction\":[{\"@type\":\"ReadAction\",\"target\":[\"https:\\\/\\\/portugalexpo2020dubai.pt\\\/index.php\\\/restaurante\\\/?lang=pt-pt\"]}]},{\"@type\":\"BreadcrumbList\",\"@id\":\"https:\\\/\\\/portugalexpo2020dubai.pt\\\/index.php\\\/restaurante\\\/?lang=pt-pt#breadcrumb\",\"itemListElement\":[{\"@type\":\"ListItem\",\"position\":1,\"name\":\"Home\",\"item\":\"https:\\\/\\\/portugalexpo2020dubai.pt\\\/\"},{\"@type\":\"ListItem\",\"position\":2,\"name\":\"Restaurante\"}]},{\"@type\":\"WebSite\",\"@id\":\"https:\\\/\\\/portugalexpo2020dubai.pt\\\/#website\",\"url\":\"https:\\\/\\\/portugalexpo2020dubai.pt\\\/\",\"name\":\"Portugal Expo 2020 Dubai\",\"description\":\"Portugal Expo 2020 Dubai\",\"publisher\":{\"@id\":\"https:\\\/\\\/portugalexpo2020dubai.pt\\\/#organization\"},\"potentialAction\":[{\"@type\":\"SearchAction\",\"target\":{\"@type\":\"EntryPoint\",\"urlTemplate\":\"https:\\\/\\\/portugalexpo2020dubai.pt\\\/?s={search_term_string}\"},\"query-input\":{\"@type\":\"PropertyValueSpecification\",\"valueRequired\":true,\"valueName\":\"search_term_string\"}}],\"inLanguage\":\"en-US\"},{\"@type\":\"Organization\",\"@id\":\"https:\\\/\\\/portugalexpo2020dubai.pt\\\/#organization\",\"name\":\"Portugal Expo 2020 Dubai\",\"url\":\"https:\\\/\\\/portugalexpo2020dubai.pt\\\/\",\"logo\":{\"@type\":\"ImageObject\",\"inLanguage\":\"en-US\",\"@id\":\"https:\\\/\\\/portugalexpo2020dubai.pt\\\/#\\\/schema\\\/logo\\\/image\\\/\",\"url\":\"https:\\\/\\\/portugalexpo2020dubai.pt\\\/wp-content\\\/uploads\\\/2021\\\/09\\\/logo_aicep.png\",\"contentUrl\":\"https:\\\/\\\/portugalexpo2020dubai.pt\\\/wp-content\\\/uploads\\\/2021\\\/09\\\/logo_aicep.png\",\"width\":830,\"height\":200,\"caption\":\"Portugal Expo 2020 Dubai\"},\"image\":{\"@id\":\"https:\\\/\\\/portugalexpo2020dubai.pt\\\/#\\\/schema\\\/logo\\\/image\\\/\"},\"sameAs\":[\"https:\\\/\\\/www.facebook.com\\\/portugalexpo2020\",\"https:\\\/\\\/x.com\\\/PTexpo2020\",\"https:\\\/\\\/www.instagram.com\\\/portugalexpo2020\\\/\"]}]}<\/script>\n<!-- \/ Yoast SEO plugin. -->","yoast_head_json":{"title":"Restaurante - Portugal Expo 2020 Dubai","robots":{"index":"index","follow":"follow","max-snippet":"max-snippet:-1","max-image-preview":"max-image-preview:large","max-video-preview":"max-video-preview:-1"},"canonical":"https:\/\/portugalexpo2020dubai.pt\/index.php\/restaurante\/","og_locale":"en_US","og_type":"article","og_title":"Restaurante - Portugal Expo 2020 Dubai","og_description":"[vc_row content_placement=&#8221;middle&#8221; css_animation=&#8221;bottom-to-top&#8221; row_content_width=&#8221;grid&#8221; content_text_aligment=&#8221;center&#8221; css=&#8221;.vc_custom_1631019109026{padding-top: 120px !important;padding-bottom: 51px !important;}&#8221;][vc_column][\/vc_column][\/vc_row][vc_row content_placement=&#8221;middle&#8221; css_animation=&#8221;bottom-to-top&#8221; row_content_width=&#8221;grid&#8221; content_text_aligment=&#8221;left&#8221; css=&#8221;.vc_custom_1630589211637{padding-bottom: 51px !important;}&#8221;][vc_column offset=&#8221;vc_col-lg-offset-0 vc_col-lg-6 vc_col-md-offset-0 vc_col-md-12 vc_col-sm-offset-0 vc_col-xs-12&#8243;][vc_column_text]Como Luso-Argentino, o Chef Chakall tem viajado por Portugal ao longo de v\u00e1rios anos \u2013 quer a preparar [&hellip;]","og_url":"https:\/\/portugalexpo2020dubai.pt\/index.php\/restaurante\/?lang=pt-pt","og_site_name":"Portugal Expo 2020 Dubai","article_publisher":"https:\/\/www.facebook.com\/portugalexpo2020","article_modified_time":"2021-11-02T17:25:40+00:00","twitter_card":"summary_large_image","twitter_site":"@PTexpo2020","twitter_misc":{"Est. reading time":"3 minutes"},"schema":{"@context":"https:\/\/schema.org","@graph":[{"@type":"WebPage","@id":"https:\/\/portugalexpo2020dubai.pt\/index.php\/restaurante\/?lang=pt-pt","url":"https:\/\/portugalexpo2020dubai.pt\/index.php\/restaurante\/?lang=pt-pt","name":"Restaurante - Portugal Expo 2020 Dubai","isPartOf":{"@id":"https:\/\/portugalexpo2020dubai.pt\/#website"},"datePublished":"2021-09-21T15:59:39+00:00","dateModified":"2021-11-02T17:25:40+00:00","breadcrumb":{"@id":"https:\/\/portugalexpo2020dubai.pt\/index.php\/restaurante\/?lang=pt-pt#breadcrumb"},"inLanguage":"en-US","potentialAction":[{"@type":"ReadAction","target":["https:\/\/portugalexpo2020dubai.pt\/index.php\/restaurante\/?lang=pt-pt"]}]},{"@type":"BreadcrumbList","@id":"https:\/\/portugalexpo2020dubai.pt\/index.php\/restaurante\/?lang=pt-pt#breadcrumb","itemListElement":[{"@type":"ListItem","position":1,"name":"Home","item":"https:\/\/portugalexpo2020dubai.pt\/"},{"@type":"ListItem","position":2,"name":"Restaurante"}]},{"@type":"WebSite","@id":"https:\/\/portugalexpo2020dubai.pt\/#website","url":"https:\/\/portugalexpo2020dubai.pt\/","name":"Portugal Expo 2020 Dubai","description":"Portugal Expo 2020 Dubai","publisher":{"@id":"https:\/\/portugalexpo2020dubai.pt\/#organization"},"potentialAction":[{"@type":"SearchAction","target":{"@type":"EntryPoint","urlTemplate":"https:\/\/portugalexpo2020dubai.pt\/?s={search_term_string}"},"query-input":{"@type":"PropertyValueSpecification","valueRequired":true,"valueName":"search_term_string"}}],"inLanguage":"en-US"},{"@type":"Organization","@id":"https:\/\/portugalexpo2020dubai.pt\/#organization","name":"Portugal Expo 2020 Dubai","url":"https:\/\/portugalexpo2020dubai.pt\/","logo":{"@type":"ImageObject","inLanguage":"en-US","@id":"https:\/\/portugalexpo2020dubai.pt\/#\/schema\/logo\/image\/","url":"https:\/\/portugalexpo2020dubai.pt\/wp-content\/uploads\/2021\/09\/logo_aicep.png","contentUrl":"https:\/\/portugalexpo2020dubai.pt\/wp-content\/uploads\/2021\/09\/logo_aicep.png","width":830,"height":200,"caption":"Portugal Expo 2020 Dubai"},"image":{"@id":"https:\/\/portugalexpo2020dubai.pt\/#\/schema\/logo\/image\/"},"sameAs":["https:\/\/www.facebook.com\/portugalexpo2020","https:\/\/x.com\/PTexpo2020","https:\/\/www.instagram.com\/portugalexpo2020\/"]}]}},"_links":{"self":[{"href":"https:\/\/portugalexpo2020dubai.pt\/index.php\/wp-json\/wp\/v2\/pages\/3868","targetHints":{"allow":["GET"]}}],"collection":[{"href":"https:\/\/portugalexpo2020dubai.pt\/index.php\/wp-json\/wp\/v2\/pages"}],"about":[{"href":"https:\/\/portugalexpo2020dubai.pt\/index.php\/wp-json\/wp\/v2\/types\/page"}],"author":[{"embeddable":true,"href":"https:\/\/portugalexpo2020dubai.pt\/index.php\/wp-json\/wp\/v2\/users\/1"}],"replies":[{"embeddable":true,"href":"https:\/\/portugalexpo2020dubai.pt\/index.php\/wp-json\/wp\/v2\/comments?post=3868"}],"version-history":[{"count":3,"href":"https:\/\/portugalexpo2020dubai.pt\/index.php\/wp-json\/wp\/v2\/pages\/3868\/revisions"}],"predecessor-version":[{"id":5559,"href":"https:\/\/portugalexpo2020dubai.pt\/index.php\/wp-json\/wp\/v2\/pages\/3868\/revisions\/5559"}],"wp:attachment":[{"href":"https:\/\/portugalexpo2020dubai.pt\/index.php\/wp-json\/wp\/v2\/media?parent=3868"}],"curies":[{"name":"wp","href":"https:\/\/api.w.org\/{rel}","templated":true}]}}