{"id":2545,"date":"2021-09-02T15:13:08","date_gmt":"2021-09-02T15:13:08","guid":{"rendered":"https:\/\/portugalexpo2020dubai.pt\/?page_id=2545"},"modified":"2023-06-19T16:09:00","modified_gmt":"2023-06-19T16:09:00","slug":"pavilion","status":"publish","type":"page","link":"https:\/\/portugalexpo2020dubai.pt\/index.php\/pavilion\/","title":{"rendered":"Pavilion"},"content":{"rendered":"<p>[vc_row full_height=&#8221;yes&#8221; content_placement=&#8221;top&#8221; css=&#8221;.vc_custom_1630597268172{padding-top: 0px !important;}&#8221;][vc_column css=&#8221;.vc_custom_1630597347079{margin-top: 0px !important;border-top-width: 0px !important;padding-top: 0px !important;}&#8221;]\n\t\t\t<!-- START Pavillion EN Img REVOLUTION SLIDER 6.4.6 --><p class=\"rs-p-wp-fix\"><\/p>\n\t\t\t<rs-module-wrap id=\"rev_slider_24_1_wrapper\" data-source=\"gallery\" style=\"background:#000000;padding:0;\">\n\t\t\t\t<rs-module id=\"rev_slider_24_1\" style=\"\" data-version=\"6.4.6\">\n\t\t\t\t\t<rs-slides>\n\t\t\t\t\t\t<rs-slide data-key=\"rs-56\" data-title=\"Slide\" data-thumb=\"\/\/portugalexpo2020dubai.pt\/wp-content\/uploads\/2021\/09\/Slider_Pavilion1-1536x854-50x100.jpg\" data-in=\"o:0;\" data-out=\"a:false;\">\n\t\t\t\t\t\t\t<img loading=\"lazy\" decoding=\"async\" src=\"\/\/portugalexpo2020dubai.pt\/wp-content\/uploads\/2021\/09\/Slider_Pavilion1-1536x854.jpg\" title=\"Slider_Pavilion1\" width=\"1536\" height=\"854\" class=\"rev-slidebg tp-rs-img\" data-panzoom=\"d:6000ms;ss:105%;se:105%;os:30px\/30px;oe:0px\/0px;\" data-no-retina>\n<!--\n\t\t\t\t\t\t\t--><rs-layer\n\t\t\t\t\t\t\t\tid=\"slider-24-slide-56-layer-0\" \n\t\t\t\t\t\t\t\tdata-type=\"text\"\n\t\t\t\t\t\t\t\tdata-xy=\"x:c;xo:0,4px,0,0;y:m;yo:-16px,0,-40px,-34px;\"\n\t\t\t\t\t\t\t\tdata-text=\"w:normal,normal,normal,normal;s:48,55,55,45;l:87,60,75,65;ls:5px;a:center;\"\n\t\t\t\t\t\t\t\tdata-dim=\"w:auto,709px,436px,265px;\"\n\t\t\t\t\t\t\t\tdata-rsp_o=\"off\"\n\t\t\t\t\t\t\t\tdata-rsp_bd=\"off\"\n\t\t\t\t\t\t\t\tdata-frame_0=\"y:100%;\"\n\t\t\t\t\t\t\t\tdata-frame_1=\"e:power4.out;st:500;sp:1000;sR:500;\"\n\t\t\t\t\t\t\t\tdata-frame_999=\"o:0;st:w;sR:7500;\"\n\t\t\t\t\t\t\t\tstyle=\"z-index:8;font-family:Montserrat;text-transform:uppercase;\"\n\t\t\t\t\t\t\t>A WORLD IN ONE COUNTRY \n\t\t\t\t\t\t\t<\/rs-layer><!--\n\n\t\t\t\t\t\t\t--><rs-layer\n\t\t\t\t\t\t\t\tid=\"slider-24-slide-56-layer-3\" \n\t\t\t\t\t\t\t\tdata-type=\"image\"\n\t\t\t\t\t\t\t\tdata-xy=\"x:c;xo:-617px,-417px,-287px,-287px;y:m;yo:-4px,0,-34px,-55px;\"\n\t\t\t\t\t\t\t\tdata-text=\"w:normal;\"\n\t\t\t\t\t\t\t\tdata-dim=\"w:147px,147px,100px,100px;h:['1px','1px','1px','1px'];\"\n\t\t\t\t\t\t\t\tdata-rsp_o=\"off\"\n\t\t\t\t\t\t\t\tdata-rsp_bd=\"off\"\n\t\t\t\t\t\t\t\tdata-frame_0=\"x:100%;\"\n\t\t\t\t\t\t\t\tdata-frame_0_mask=\"u:t;\"\n\t\t\t\t\t\t\t\tdata-frame_1=\"st:500;sp:1000;\"\n\t\t\t\t\t\t\t\tdata-frame_1_mask=\"u:t;\"\n\t\t\t\t\t\t\t\tdata-frame_999=\"o:0;st:w;sR:7500;\"\n\t\t\t\t\t\t\t\tstyle=\"z-index:10;\"\n\t\t\t\t\t\t\t><img decoding=\"async\" src=\"\/\/portugalexpo2020dubai.pt\/wp-content\/uploads\/revslider\/main-home\/h1-rev-img-1.png\" class=\"tp-rs-img\" data-no-retina> \n\t\t\t\t\t\t\t<\/rs-layer><!--\n\n\t\t\t\t\t\t\t--><rs-layer\n\t\t\t\t\t\t\t\tid=\"slider-24-slide-56-layer-4\" \n\t\t\t\t\t\t\t\tdata-type=\"image\"\n\t\t\t\t\t\t\t\tdata-xy=\"x:c;xo:601px,417px,287px,287px;y:m;yo:-4px,0,-34px,-55px;\"\n\t\t\t\t\t\t\t\tdata-text=\"w:normal;\"\n\t\t\t\t\t\t\t\tdata-dim=\"w:147px,147px,100px,100px;h:['1px','1px','1px','1px'];\"\n\t\t\t\t\t\t\t\tdata-rsp_o=\"off\"\n\t\t\t\t\t\t\t\tdata-rsp_bd=\"off\"\n\t\t\t\t\t\t\t\tdata-frame_0=\"x:-100%;\"\n\t\t\t\t\t\t\t\tdata-frame_0_mask=\"u:t;\"\n\t\t\t\t\t\t\t\tdata-frame_1=\"st:500;sp:1000;\"\n\t\t\t\t\t\t\t\tdata-frame_1_mask=\"u:t;\"\n\t\t\t\t\t\t\t\tdata-frame_999=\"o:0;st:w;sR:7500;\"\n\t\t\t\t\t\t\t\tstyle=\"z-index:9;\"\n\t\t\t\t\t\t\t><img decoding=\"async\" src=\"\/\/portugalexpo2020dubai.pt\/wp-content\/uploads\/revslider\/main-home\/h1-rev-img-1.png\" class=\"tp-rs-img\" data-no-retina> \n\t\t\t\t\t\t\t<\/rs-layer><!--\n\n\t\t\t\t\t\t\t--><rs-layer\n\t\t\t\t\t\t\t\tid=\"slider-24-slide-56-layer-5\" \n\t\t\t\t\t\t\t\tdata-type=\"text\"\n\t\t\t\t\t\t\t\tdata-xy=\"x:c;y:m;yo:-89px,-88px,-207px,-154px;\"\n\t\t\t\t\t\t\t\tdata-text=\"w:normal;s:21;l:35;fw:500;\"\n\t\t\t\t\t\t\t\tdata-rsp_o=\"off\"\n\t\t\t\t\t\t\t\tdata-rsp_bd=\"off\"\n\t\t\t\t\t\t\t\tdata-frame_0=\"y:100%;\"\n\t\t\t\t\t\t\t\tdata-frame_1=\"e:power4.out;st:400;sp:1000;sR:400;\"\n\t\t\t\t\t\t\t\tdata-frame_999=\"o:0;st:w;sR:7600;\"\n\t\t\t\t\t\t\t\tstyle=\"z-index:11;font-family:IBM Plex Sans;text-transform:capitalize;\"\n\t\t\t\t\t\t\t>THE PAVILION \n\t\t\t\t\t\t\t<\/rs-layer><!--\n\n\t\t\t\t\t\t\t--><rs-layer\n\t\t\t\t\t\t\t\tid=\"slider-24-slide-56-layer-6\" \n\t\t\t\t\t\t\t\tdata-type=\"text\"\n\t\t\t\t\t\t\t\tdata-xy=\"x:c;y:m;yo:112px,153px,184px,139px;\"\n\t\t\t\t\t\t\t\tdata-text=\"w:normal;a:center;\"\n\t\t\t\t\t\t\t\tdata-dim=\"w:403px;\"\n\t\t\t\t\t\t\t\tdata-rsp_o=\"off\"\n\t\t\t\t\t\t\t\tdata-rsp_bd=\"off\"\n\t\t\t\t\t\t\t\tdata-frame_0=\"y:100%;\"\n\t\t\t\t\t\t\t\tdata-frame_1=\"e:power4.out;st:600;sp:1000;sR:600;\"\n\t\t\t\t\t\t\t\tdata-frame_999=\"o:0;st:w;sR:7400;\"\n\t\t\t\t\t\t\t\tstyle=\"z-index:12;font-family:Roboto;\"\n\t\t\t\t\t\t\t><a itemprop=\"url\" href=\"https:\/\/portugalexpo2020dubai.pt\/index.php\/the-exhibition\/\" target=\"_self\" style=\"color: #fff\" class=\"eltdf-btn eltdf-btn-medium eltdf-btn-outline-slit eltdf-btn-custom-hover-color\" data-hover-color=\"#fff\" >\n    <span class=\"eltdf-btn-text\">EXPLORE THE EXHIBITION<\/span>\n    <\/a> \n\t\t\t\t\t\t\t<\/rs-layer><!--\n-->\t\t\t\t\t\t<\/rs-slide>\n\t\t\t\t\t\t<rs-slide data-key=\"rs-57\" data-title=\"Slide\" data-thumb=\"\/\/portugalexpo2020dubai.pt\/wp-content\/uploads\/2021\/09\/Slider_Pavilion-1536x810-50x100.jpg\" data-in=\"o:0;\" data-out=\"a:false;\">\n\t\t\t\t\t\t\t<img loading=\"lazy\" decoding=\"async\" src=\"\/\/portugalexpo2020dubai.pt\/wp-content\/uploads\/2021\/09\/Slider_Pavilion-1536x810.jpg\" title=\"Slider_Pavilion\" width=\"1536\" height=\"810\" class=\"rev-slidebg tp-rs-img\" data-panzoom=\"d:6000ms;ss:105%;se:105%;os:30px\/30px;oe:0px\/0px;\" data-no-retina>\n<!--\n\t\t\t\t\t\t\t--><rs-layer\n\t\t\t\t\t\t\t\tid=\"slider-24-slide-57-layer-0\" \n\t\t\t\t\t\t\t\tdata-type=\"text\"\n\t\t\t\t\t\t\t\tdata-xy=\"x:c;xo:0,4px,0,0;y:m;yo:-5px,0,-34px,-34px;\"\n\t\t\t\t\t\t\t\tdata-text=\"w:normal,normal,normal,normal;s:48,55,55,45;l:87,60,75,65;ls:13.2px,10px,11px,5px;a:center;\"\n\t\t\t\t\t\t\t\tdata-dim=\"w:auto,709px,436px,287px;\"\n\t\t\t\t\t\t\t\tdata-rsp_o=\"off\"\n\t\t\t\t\t\t\t\tdata-rsp_bd=\"off\"\n\t\t\t\t\t\t\t\tdata-frame_0=\"y:100%;\"\n\t\t\t\t\t\t\t\tdata-frame_1=\"e:power4.out;st:500;sp:1000;sR:500;\"\n\t\t\t\t\t\t\t\tdata-frame_999=\"o:0;st:w;sR:7500;\"\n\t\t\t\t\t\t\t\tstyle=\"z-index:8;font-family:Montserrat;text-transform:uppercase;\"\n\t\t\t\t\t\t\t>A WORLD IN ONE COUNTRY \n\t\t\t\t\t\t\t<\/rs-layer><!--\n\n\t\t\t\t\t\t\t--><rs-layer\n\t\t\t\t\t\t\t\tid=\"slider-24-slide-57-layer-3\" \n\t\t\t\t\t\t\t\tdata-type=\"image\"\n\t\t\t\t\t\t\t\tdata-xy=\"x:c;xo:-617px,-417px,-287px,-287px;y:m;yo:-4px,0,-34px,-55px;\"\n\t\t\t\t\t\t\t\tdata-text=\"w:normal;\"\n\t\t\t\t\t\t\t\tdata-dim=\"w:147px,147px,100px,100px;h:['1px','1px','1px','1px'];\"\n\t\t\t\t\t\t\t\tdata-rsp_o=\"off\"\n\t\t\t\t\t\t\t\tdata-rsp_bd=\"off\"\n\t\t\t\t\t\t\t\tdata-frame_0=\"x:100%;\"\n\t\t\t\t\t\t\t\tdata-frame_0_mask=\"u:t;\"\n\t\t\t\t\t\t\t\tdata-frame_1=\"st:500;sp:1000;\"\n\t\t\t\t\t\t\t\tdata-frame_1_mask=\"u:t;\"\n\t\t\t\t\t\t\t\tdata-frame_999=\"o:0;st:w;sR:7500;\"\n\t\t\t\t\t\t\t\tstyle=\"z-index:10;\"\n\t\t\t\t\t\t\t><img decoding=\"async\" src=\"\/\/portugalexpo2020dubai.pt\/wp-content\/uploads\/revslider\/main-home\/h1-rev-img-1.png\" class=\"tp-rs-img\" data-no-retina> \n\t\t\t\t\t\t\t<\/rs-layer><!--\n\n\t\t\t\t\t\t\t--><rs-layer\n\t\t\t\t\t\t\t\tid=\"slider-24-slide-57-layer-4\" \n\t\t\t\t\t\t\t\tdata-type=\"image\"\n\t\t\t\t\t\t\t\tdata-xy=\"x:c;xo:601px,417px,287px,287px;y:m;yo:-4px,0,-34px,-55px;\"\n\t\t\t\t\t\t\t\tdata-text=\"w:normal;\"\n\t\t\t\t\t\t\t\tdata-dim=\"w:147px,147px,100px,100px;h:['1px','1px','1px','1px'];\"\n\t\t\t\t\t\t\t\tdata-rsp_o=\"off\"\n\t\t\t\t\t\t\t\tdata-rsp_bd=\"off\"\n\t\t\t\t\t\t\t\tdata-frame_0=\"x:-100%;\"\n\t\t\t\t\t\t\t\tdata-frame_0_mask=\"u:t;\"\n\t\t\t\t\t\t\t\tdata-frame_1=\"st:500;sp:1000;\"\n\t\t\t\t\t\t\t\tdata-frame_1_mask=\"u:t;\"\n\t\t\t\t\t\t\t\tdata-frame_999=\"o:0;st:w;sR:7500;\"\n\t\t\t\t\t\t\t\tstyle=\"z-index:9;\"\n\t\t\t\t\t\t\t><img decoding=\"async\" src=\"\/\/portugalexpo2020dubai.pt\/wp-content\/uploads\/revslider\/main-home\/h1-rev-img-1.png\" class=\"tp-rs-img\" data-no-retina> \n\t\t\t\t\t\t\t<\/rs-layer><!--\n\n\t\t\t\t\t\t\t--><rs-layer\n\t\t\t\t\t\t\t\tid=\"slider-24-slide-57-layer-5\" \n\t\t\t\t\t\t\t\tdata-type=\"text\"\n\t\t\t\t\t\t\t\tdata-xy=\"x:c;y:m;yo:-75px,-89px,-194px,-162px;\"\n\t\t\t\t\t\t\t\tdata-text=\"w:normal;s:21;l:35;fw:500;\"\n\t\t\t\t\t\t\t\tdata-rsp_o=\"off\"\n\t\t\t\t\t\t\t\tdata-rsp_bd=\"off\"\n\t\t\t\t\t\t\t\tdata-frame_0=\"y:100%;\"\n\t\t\t\t\t\t\t\tdata-frame_1=\"e:power4.out;st:400;sp:1000;sR:400;\"\n\t\t\t\t\t\t\t\tdata-frame_999=\"o:0;st:w;sR:7600;\"\n\t\t\t\t\t\t\t\tstyle=\"z-index:11;font-family:IBM Plex Sans;text-transform:capitalize;\"\n\t\t\t\t\t\t\t>THE PAVILION \n\t\t\t\t\t\t\t<\/rs-layer><!--\n\n\t\t\t\t\t\t\t--><rs-layer\n\t\t\t\t\t\t\t\tid=\"slider-24-slide-57-layer-6\" \n\t\t\t\t\t\t\t\tdata-type=\"text\"\n\t\t\t\t\t\t\t\tdata-xy=\"x:c;y:m;yo:112px,152px,182px,148px;\"\n\t\t\t\t\t\t\t\tdata-text=\"w:normal;a:center;\"\n\t\t\t\t\t\t\t\tdata-dim=\"w:403px;\"\n\t\t\t\t\t\t\t\tdata-rsp_o=\"off\"\n\t\t\t\t\t\t\t\tdata-rsp_bd=\"off\"\n\t\t\t\t\t\t\t\tdata-frame_0=\"y:100%;\"\n\t\t\t\t\t\t\t\tdata-frame_1=\"e:power4.out;st:600;sp:1000;sR:600;\"\n\t\t\t\t\t\t\t\tdata-frame_999=\"o:0;st:w;sR:7400;\"\n\t\t\t\t\t\t\t\tstyle=\"z-index:12;font-family:Roboto;\"\n\t\t\t\t\t\t\t><a itemprop=\"url\" href=\"https:\/\/portugalexpo2020dubai.pt\/index.php\/the-exhibition\/\" target=\"_self\" style=\"color: #fff\" class=\"eltdf-btn eltdf-btn-medium eltdf-btn-outline-slit eltdf-btn-custom-hover-color\" data-hover-color=\"#fff\" >\n    <span class=\"eltdf-btn-text\">EXPLORE THE EXHIBITION<\/span>\n    <\/a> \n\t\t\t\t\t\t\t<\/rs-layer><!--\n-->\t\t\t\t\t\t<\/rs-slide>\n\t\t\t\t\t<\/rs-slides>\n\t\t\t\t<\/rs-module>\n\t\t\t\t<script type=\"text\/javascript\">\n\t\t\t\t\tsetREVStartSize({c: 'rev_slider_24_1',rl:[1240,1024,778,480],el:[750,600,600,500],gw:[1300,1100,600,300],gh:[750,600,600,500],type:'standard',justify:'',layout:'fullscreen',offsetContainer:'html.touch .eltdf-mobile-header',offset:'',mh:\"0\"});\n\t\t\t\t\tvar\trevapi24,\n\t\t\t\t\t\ttpj;\n\t\t\t\t\tfunction revinit_revslider241() {\n\t\t\t\t\tjQuery(function() {\n\t\t\t\t\t\ttpj = jQuery;\n\t\t\t\t\t\trevapi24 = tpj(\"#rev_slider_24_1\");\n\t\t\t\t\t\tif(revapi24==undefined || revapi24.revolution == undefined){\n\t\t\t\t\t\t\trevslider_showDoubleJqueryError(\"rev_slider_24_1\");\n\t\t\t\t\t\t}else{\n\t\t\t\t\t\t\trevapi24.revolution({\n\t\t\t\t\t\t\t\tDPR:\"dpr\",\n\t\t\t\t\t\t\t\tsliderLayout:\"fullscreen\",\n\t\t\t\t\t\t\t\tduration:\"6000ms\",\n\t\t\t\t\t\t\t\tvisibilityLevels:\"1240,1024,778,480\",\n\t\t\t\t\t\t\t\tgridwidth:\"1300,1100,600,300\",\n\t\t\t\t\t\t\t\tgridheight:\"750,600,600,500\",\n\t\t\t\t\t\t\t\tperspective:600,\n\t\t\t\t\t\t\t\tperspectiveType:\"local\",\n\t\t\t\t\t\t\t\teditorheight:\"750,600,600,500\",\n\t\t\t\t\t\t\t\tresponsiveLevels:\"1240,1024,778,480\",\n\t\t\t\t\t\t\t\tfullScreenOffsetContainer:\"html.touch .eltdf-mobile-header\",\n\t\t\t\t\t\t\t\tprogressBar:{disableProgressBar:true},\n\t\t\t\t\t\t\t\tnavigation: {\n\t\t\t\t\t\t\t\t\twheelCallDelay:1000,\n\t\t\t\t\t\t\t\t\tonHoverStop:false,\n\t\t\t\t\t\t\t\t\tarrows: {\n\t\t\t\t\t\t\t\t\t\tenable:true,\n\t\t\t\t\t\t\t\t\t\ttmp:\"<div class=\\\"tp-arr-allwrapper\\\">\t<div class=\\\"tp-arr-imgholder\\\"><svg version=\\\"1.1\\\" class=\\\"qodef-svg-nav-arrow\\\" xmlns=\\\"http:\/\/www.w3.org\/2000\/svg\\\" xmlns:xlink=\\\"http:\/\/www.w3.org\/1999\/xlink\\\" x=\\\"0px\\\" y=\\\"0px\\\"\t width=\\\"13.667px\\\" height=\\\"28.208px\\\" viewBox=\\\"0 0 13.667 28.208\\\" enable-background=\\\"new 0 0 13.667 28.208\\\" xml:space=\\\"preserve\\\"><polyline fill=\\\"none\\\" stroke-miterlimit=\\\"10\\\" points=\\\"0.619,27.729 12.853,14.135 0.619,0.542 \\\"\/>  <polyline fill=\\\"none\\\" stroke-miterlimit=\\\"10\\\" points=\\\"0.619,27.729 12.853,14.135 0.619,0.542 \\\"\/><\/svg><\/div><\/div>\",\n\t\t\t\t\t\t\t\t\t\tstyle:\"newnavclass_1\",\n\t\t\t\t\t\t\t\t\t\thide_onmobile:true,\n\t\t\t\t\t\t\t\t\t\thide_under:\"1024px\",\n\t\t\t\t\t\t\t\t\t\tleft: {\n\t\t\t\t\t\t\t\t\t\t\th_offset:35\n\t\t\t\t\t\t\t\t\t\t},\n\t\t\t\t\t\t\t\t\t\tright: {\n\t\t\t\t\t\t\t\t\t\t\th_offset:35\n\t\t\t\t\t\t\t\t\t\t}\n\t\t\t\t\t\t\t\t\t},\n\t\t\t\t\t\t\t\t\tbullets: {\n\t\t\t\t\t\t\t\t\t\tenable:true,\n\t\t\t\t\t\t\t\t\t\ttmp:\"\",\n\t\t\t\t\t\t\t\t\t\tstyle:\"newnavclass_2\",\n\t\t\t\t\t\t\t\t\t\tv_offset:55,\n\t\t\t\t\t\t\t\t\t\tspace:\"25px\"\n\t\t\t\t\t\t\t\t\t}\n\t\t\t\t\t\t\t\t},\n\t\t\t\t\t\t\t\tfallbacks: {\n\t\t\t\t\t\t\t\t\tpanZoomDisableOnMobile:true,\n\t\t\t\t\t\t\t\t\tallowHTML5AutoPlayOnAndroid:true\n\t\t\t\t\t\t\t\t},\n\t\t\t\t\t\t\t});\n\t\t\t\t\t\t}\n\t\t\t\t\t\t\n\t\t\t\t\t});\n\t\t\t\t\t} \/\/ End of RevInitScript\n\t\t\t\tvar once_revslider241 = false;\n\t\t\t\tif (document.readyState === \"loading\") {document.addEventListener('readystatechange',function() { if((document.readyState === \"interactive\" || document.readyState === \"complete\") && !once_revslider241 ) { once_revslider241 = true; revinit_revslider241();}});} else {once_revslider241 = true; revinit_revslider241();}\n\t\t\t\t<\/script>\n\t\t\t\t<script>\n\t\t\t\t\tvar htmlDivCss = unescape(\".tparrows%20%7B%0A%09cursor%3Apointer%3B%0A%09background%3Atransparent%3B%0A%20%20%09background-color%3A%20transparent%3B%0A%09width%3A16px%3B%0A%09height%3A34px%3B%0A%09position%3Aabsolute%3B%0A%09display%3Ablock%3B%0A%09z-index%3A1000%3B%0A%7D%0A%0A.tparrows%20svg%7B%0A%09fill%3A%20transparent%3B%0A%20%20%20%09stroke%3A%20%23fff%3B%0A%20%20%20%20width%3A%2016px%3B%0A%20%20%20%20height%3A%2034px%3B%0A%7D%0A%23rs_ne_arrows%20.tp-arr-imgholder%7B%0A%09background-image%3A%20none%3B%0A%7D%0A.tp-leftarrow%20svg%7B%0A%09transform%3A%20scaleY%28-1%29%20rotateZ%28180deg%29%3B%0A%7D%0A.tparrows.tp-leftarrow%3Abefore%2C%0A.tparrows.tp-rightarrow%3Abefore%7B%0A%09content%3A%20none%3B%0A%7D%0A.tparrows%3Ahover%7B%0A%09background-color%3Atransparent%3B%0A%7D%0A.tp-arr-imgholder%20%7B%0A%20%20%20%20background-image%3A%20none%21important%3B%0A%7D%0A%0A.tp-bullet%7B%0A%09border-radius%3A%20100%25%3B%0A%20%20%09height%3A%205px%3B%0A%20%20%09width%3A%205px%3B%0A%20%20%09border%3A%201px%20solid%20%23fff%3B%0A%20%20%09background-color%3A%20%23fff%3B%0A%20%20%09transition%3A%20.3s%3B%0A%7D%0A.tp-bullet.selected%2C%0A.tp-bullet%3Ahover%7B%0A%09transform%3A%20scale%281.4%29%3B%0A%7D%0A\");\n\t\t\t\t\tvar htmlDiv = document.getElementById('rs-plugin-settings-inline-css');\n\t\t\t\t\tif(htmlDiv) {\n\t\t\t\t\t\thtmlDiv.innerHTML = htmlDiv.innerHTML + htmlDivCss;\n\t\t\t\t\t}else{\n\t\t\t\t\t\tvar htmlDiv = document.createElement('div');\n\t\t\t\t\t\thtmlDiv.innerHTML = '<style>' + htmlDivCss + '<\/style>';\n\t\t\t\t\t\tdocument.getElementsByTagName('head')[0].appendChild(htmlDiv.childNodes[0]);\n\t\t\t\t\t}\n\t\t\t\t<\/script>\n\t\t\t\t<script>\n\t\t\t\t\tvar htmlDivCss = unescape(\"%0A%0A%0A%0A\");\n\t\t\t\t\tvar htmlDiv = document.getElementById('rs-plugin-settings-inline-css');\n\t\t\t\t\tif(htmlDiv) {\n\t\t\t\t\t\thtmlDiv.innerHTML = htmlDiv.innerHTML + htmlDivCss;\n\t\t\t\t\t}else{\n\t\t\t\t\t\tvar htmlDiv = document.createElement('div');\n\t\t\t\t\t\thtmlDiv.innerHTML = '<style>' + htmlDivCss + '<\/style>';\n\t\t\t\t\t\tdocument.getElementsByTagName('head')[0].appendChild(htmlDiv.childNodes[0]);\n\t\t\t\t\t}\n\t\t\t\t<\/script>\n\t\t\t<\/rs-module-wrap>\n\t\t\t<!-- END REVOLUTION SLIDER -->\n[\/vc_column][\/vc_row][vc_row row_content_width=&#8221;grid&#8221; css=&#8221;.vc_custom_1571917309094{padding-top: 147px !important;padding-bottom: 69px !important;}&#8221;][vc_column offset=&#8221;vc_col-lg-offset-1 vc_col-lg-10 vc_col-md-offset-0 vc_col-md-12 vc_col-sm-offset-0 vc_col-xs-12&#8243;]<div class=\"eltdf-section-title-holder   eltdf-st-decorative-line\" style=\"text-align: center\">\n\t<div class=\"eltdf-st-inner\">\n                    <h5 class=\"eltdf-st-caption\" style=\"color: #dcb777;margin: 0 0 5px 0\">\n                <span class=\"eltdf-st-caption-inner\" >Portuguese Pavilion<\/span>\n            <\/h5>\n        \t\t\t\t\t<h2 class=\"eltdf-st-title\" >\n    <span class=\"eltdf-st-title-inner\"><span class=\"eltdf-st-side-line-left\" ><\/span>Concept<span class=\"eltdf-st-side-line-right\" ><\/span><\/span>\n\t\t\t<\/h2>\n\t\t\t\t\t\t\t<\/div>\n<\/div>[\/vc_column][\/vc_row][vc_row row_content_width=&#8221;grid&#8221; css=&#8221;.vc_custom_1631101131495{padding-bottom: 81px !important;}&#8221;][vc_column]<div class=\"eltdf-elements-holder   eltdf-two-columns  eltdf-responsive-mode-1024 eltdf-one-column-alignment-left\" ><div class=\"eltdf-eh-item    \"  data-item-class=\"eltdf-eh-custom-2977\" data-1400-1600=\"0 60px 0 0\" data-1025-1399=\"0 30px 0 0\" data-769-1024=\"0 0 71px 0\" data-681-768=\"0 0 71px 0\" data-680=\"0 0 71px 0\">\n\t<div class=\"eltdf-eh-item-inner\">\n\t\t<div class=\"eltdf-eh-item-content eltdf-eh-custom-2977\" style=\"padding: 0 60px 0 0\">\n\t\t\t[vc_column_text]<span style=\"font-weight: 400;\">Under the theme \u201cA World in One Country\u201d, the Portugal Pavilion encapsulates our nation\u2019s multicultural spirit, Portugal\u2019s trajectory of discovery and its ever-present connection to the sea. The vision for the Pavilion is brought to life by Saraiva + Associados and Grupo Casais with a bold architectural design, split into two structural concept lines.\u00a0<\/span>[\/vc_column_text][vc_empty_space height=&#8221;23px&#8221;][vc_column_text]The <strong>Caravel<\/strong>, as an iconic symbol of Portugal\u2019s connection with the world, the genesis of globalization, conveys our pioneering nature and our capacity to blend and forge bonds with diverse civilizations. As if defying the laws of gravity, it rises from the ground, indicating the urgency of new paths, new journeys. The verticality of the reinterpreted sails embraces the wind as the driving force in our pursuit of adventure.<\/p>\n<p><span style=\"font-weight: 400;\">The <\/span><b>Square<\/b><span style=\"font-weight: 400;\">, as the epitome of a meeting place and sharing, invokes Portuguese values of openness, diversity and inclusion. Its open area is an invitation for new encounters, exchanges and opportunities.\u00a0<\/span>[\/vc_column_text]\t\t<\/div>\n\t<\/div>\n<\/div><div class=\"eltdf-eh-item  eltdf-vertical-alignment-top  \"  data-item-class=\"eltdf-eh-custom-1926\" data-1400-1600=\"0 60px 0 0\" data-1025-1399=\"0 30px 0 0\" data-769-1024=\"0 0 71px 0\" data-681-768=\"0 0 71px 0\" data-680=\"0 0 71px 0\">\n\t<div class=\"eltdf-eh-item-inner\">\n\t\t<div class=\"eltdf-eh-item-content eltdf-eh-custom-1926\" style=\"padding: 0 60px 0 0\">\n\t\t\t[vc_column_text]<span style=\"font-weight: 400;\">Our architectural approach naturally intertwines with the global theme of Expo 2020 Dubai \u201cConnecting Minds, Creating the Future\u201d. Indeed, the Portugal Pavilion stands as a symbol of history and cultural interaction, yet it also makes a strong appeal to modernity, innovation and technological development.\u00a0<\/span><\/p>\n<p><span style=\"font-weight: 400;\">Sitting at the heart of the \u201cSustainability\u201d thematic district, the Pavilion highlights Portugal\u2019s commitment to building a sustainable future. Its functional design, combined with the use of low-impact materials, should allow for high levels of energy efficiency, low levels of CO2 emission and reduced water consumption.<\/span>[\/vc_column_text][vc_empty_space height=&#8221;23px&#8221;]\t\t<\/div>\n\t<\/div>\n<\/div><\/div>[\/vc_column][\/vc_row][vc_row full_width=&#8221;stretch_row&#8221; content_placement=&#8221;middle&#8221; content_text_aligment=&#8221;center&#8221; css=&#8221;.vc_custom_1631021399243{padding-bottom: 81px !important;}&#8221;][vc_column][vc_single_image image=&#8221;5525&#8243; img_size=&#8221;full&#8221; alignment=&#8221;center&#8221;][\/vc_column][\/vc_row][vc_row row_content_width=&#8221;grid&#8221;][vc_column]<div class=\"eltdf-elements-holder   eltdf-three-columns  eltdf-responsive-mode-1024 eltdf-one-column-alignment-left\" ><div class=\"eltdf-eh-item    \"  data-item-class=\"eltdf-eh-custom-8617\" data-1400-1600=\"0 60px 0 0\" data-1025-1399=\"0 30px 0 0\" data-769-1024=\"0 0 71px 0\" data-681-768=\"0 0 71px 0\" data-680=\"0 0 71px 0\">\n\t<div class=\"eltdf-eh-item-inner\">\n\t\t<div class=\"eltdf-eh-item-content eltdf-eh-custom-8617\" style=\"padding: 0 60px 0 0\">\n\t\t\t[vc_column_text]<span style=\"font-weight: 400;\">The Portugal Pavilion spans over 1,800 square meters, with each space revealing unique elements that together paint a picture of Portuguese identity and tradition. The patterns of black and white limestone gracefully decorate the Square and transport visitors to the traditional Portuguese pavement \u201cCal\u00e7ada Portuguesa\u201d; the art of the Azulejo shows the unmistakable Arabic origins of Portugal\u2019s hand-painted tiles; and our world-famous cork is shaped into furniture and outdoor seating areas as a shining example of innovation.<\/span><\/p>\n<p><span style=\"font-weight: 400;\">The Pavilion is built over three floors that split into four conceptual areas: Presentation, Reception, Experience, and Relationship.\u00a0<\/span>[\/vc_column_text][vc_empty_space height=&#8221;23px&#8221;][vc_column_text]<span style=\"font-weight: 400;\">The ground floor is treated as an extension of the public space and introduces visitors to the theme of Portugal\u2019s participation. It includes an informal event space, a small cafeteria, a protocol area and the Portugal Concept Store.<\/span><\/p>\n<p><span style=\"font-weight: 400;\">The first floor encloses the Exhibition, divided into an immersive multimedia experience and an interactive space that guides visitors through a journey of Diversity, Sustainability and Opportunity.\u00a0\u00a0<\/span><\/p>\n<p><span style=\"font-weight: 400;\">The second floor features the Restaurant and terrace, with panoramic views over Jubilee Park, and a multi-purpose area that takes on various configurations and can serve as a stage for outdoor events.<\/span>[\/vc_column_text]\t\t<\/div>\n\t<\/div>\n<\/div><div class=\"eltdf-eh-item  eltdf-vertical-alignment-top  \"  data-item-class=\"eltdf-eh-custom-9637\" data-1400-1600=\"0 60px 0 0\" data-1025-1399=\"0 30px 0 0\" data-769-1024=\"0 0 71px 0\" data-681-768=\"0 0 71px 0\" data-680=\"0 0 71px 0\">\n\t<div class=\"eltdf-eh-item-inner\">\n\t\t<div class=\"eltdf-eh-item-content eltdf-eh-custom-9637\" style=\"padding: 0 60px 0 0\">\n\t\t\t[vc_single_image image=&#8221;2567&#8243; img_size=&#8221;full&#8221; alignment=&#8221;center&#8221;]\t\t<\/div>\n\t<\/div>\n<\/div><\/div>[\/vc_column][\/vc_row][vc_row full_width=&#8221;stretch_row_content_no_spaces&#8221; full_height=&#8221;yes&#8221; content_placement=&#8221;middle&#8221; parallax=&#8221;content-moving&#8221; parallax_image=&#8221;5528&#8243; content_text_aligment=&#8221;center&#8221; css=&#8221;.vc_custom_1635618068433{margin-top: 160px !important;margin-bottom: 160px !important;padding-top: 61px !important;padding-bottom: 61px !important;}&#8221;][vc_column parallax=&#8221;content-moving&#8221; css=&#8221;.vc_custom_1631021705396{padding-top: 120px !important;padding-bottom: 120px !important;}&#8221;]<div class=\"eltdf-section-title-holder   \" style=\"text-align: center\">\n\t<div class=\"eltdf-st-inner\">\n                    <h5 class=\"eltdf-st-caption\" style=\"color: #ffffff;margin: 0 0 6px 0\">\n                <span class=\"eltdf-st-caption-inner\" >INSIDE OF THE PAVILION<\/span>\n            <\/h5>\n        \t\t\t\t\t<h2 class=\"eltdf-st-title\" style=\"color: #ffffff\">\n    <span class=\"eltdf-st-title-inner\"><span class=\"eltdf-st-side-line-left\" ><\/span>The exhibition<span class=\"eltdf-st-side-line-right\" ><\/span><\/span>\n\t\t\t<\/h2>\n\t\t\t\t\t\t\t\t\t<div class=\"eltdf-st-button\"><a itemprop=\"url\" href=\"https:\/\/portugalexpo2020dubai.pt\/index.php\/the-exhibition\/\" target=\"_self\" style=\"color: #ffffff;margin: 45px 0 0\" class=\"eltdf-btn eltdf-btn-medium eltdf-btn-outline-slit eltdf-btn-custom-hover-color\" data-hover-color=\"#ffffff\" >    <span class=\"eltdf-btn-text\">EXPLORE THE EXHIBITION<\/span>    <\/a><\/div>\n\t\t\t<\/div>\n<\/div>[\/vc_column][\/vc_row][vc_row row_content_width=&#8221;grid&#8221; css=&#8221;.vc_custom_1630664143066{padding-bottom: 81px !important;}&#8221;][vc_column]<div class=\"eltdf-section-title-holder   eltdf-st-decorative-line\" style=\"text-align: center\">\n\t<div class=\"eltdf-st-inner\">\n                    <h6 class=\"eltdf-st-caption\" style=\"color: #c9ab81;margin: 0 0 5px 0\">\n                <span class=\"eltdf-st-caption-inner\" >Portugal Pavilion<\/span>\n            <\/h6>\n        \t\t\t\t\t<h2 class=\"eltdf-st-title\" >\n    <span class=\"eltdf-st-title-inner\"><span class=\"eltdf-st-side-line-left\" ><\/span>Upcoming Events<span class=\"eltdf-st-side-line-right\" ><\/span><\/span>\n\t\t\t<\/h2>\n\t\t\t\t\t\t\t<\/div>\n<\/div>[\/vc_column][\/vc_row][vc_row row_content_width=&#8221;grid&#8221; css=&#8221;.vc_custom_1630664143066{padding-bottom: 81px !important;}&#8221;][vc_column]<div class=\"eltdf-show-slider-holder\"><div class=\"eltdf-show-list-holder eltdf-sl-gallery  eltdf-normal-space eltdf-sl-slider eltdf-sl-pag-standard\"  data-type=gallery data-number-of-columns=4 data-space-between-items=normal data-number-of-items=-1 data-category=portugal data-title-tag=h4 data-image-proportions=full data-enable-fixed-proportions=no data-show-category=no data-show-date-range=no data-orderby=date data-order=ASC data-show-single-layout=info-bellow data-show-slider=yes data-slider-navigation=yes data-slider-pagination=yes data-pagination-type=standard data-slider-autoplay=yes data-max-num-pages=0 data-next-page=2>\n\t<div class=\"eltdf-sl-inner eltdf-outer-space eltdf-owl-slider\" data-number-of-items=\"4\" data-enable-navigation=\"yes\" data-enable-pagination=\"yes\" data-enable-autoplay=\"yes\">\n\t\t\n<div class=\"eltdf-show eltdf-item-space  show-item has-post-thumbnail hentry show-category-exhibition info-bellow post-7373 type-show-item status-publish has-post-thumbnail hentry show-category-climate-biodiversity show-category-portugal show-category-urban-rural-development info-bellow\">\n\t<div class=\"eltdf-show-inner\">\n\t\t\t\t\t<div class=\"eltdf-show-image\">\n\t\t\t\t<a itemprop=\"url\" href=\"https:\/\/portugalexpo2020dubai.pt\/index.php\/show-item\/world-majlis-the-price-of-water-decoding-its-value-to-our-future\/\" target=\"_self\">\n\t\t\t\t\t<img loading=\"lazy\" decoding=\"async\" width=\"651\" height=\"740\" src=\"https:\/\/portugalexpo2020dubai.pt\/wp-content\/uploads\/2021\/12\/water-week-1-e1640715221337.png\" class=\"attachment-full size-full\" alt=\"\" srcset=\"https:\/\/portugalexpo2020dubai.pt\/wp-content\/uploads\/2021\/12\/water-week-1-e1640715221337.png 651w, https:\/\/portugalexpo2020dubai.pt\/wp-content\/uploads\/2021\/12\/water-week-1-e1640715221337-264x300.png 264w\" sizes=\"auto, (max-width: 651px) 100vw, 651px\" \/>\t\t\t\t<\/a>\n\t\t\t<\/div>\n\t\t\t\t<div class=\"eltdf-show-info\">\n            <div class=\"eltdf-show-info-wrapper\">\n                                                <div class=\"eltdf-show-title-holder\">\n                    <h4 itemprop=\"name\" class=\"eltdf-show-name entry-title\">\n                        <a itemprop=\"url\" href=\"https:\/\/portugalexpo2020dubai.pt\/index.php\/show-item\/world-majlis-the-price-of-water-decoding-its-value-to-our-future\/\">World Majlis | The Price of Water: Decoding its Value to our Future<\/a>\n                    <\/h4>\n                <\/div>\n            <\/div>\n                        <div class=\"eltdf-event-post-read-more-button\">\n                <a itemprop=\"url\" href=\"https:\/\/portugalexpo2020dubai.pt\/index.php\/show-item\/world-majlis-the-price-of-water-decoding-its-value-to-our-future\/\" target=\"_self\"  class=\"eltdf-btn eltdf-btn-medium eltdf-btn-simple eltdf-blog-list-button\"  >    <span class=\"eltdf-btn-text\">View more<\/span>    <\/a>            <\/div>\n\t\t<\/div>\n\t<\/div>\n<\/div>\n\n<div class=\"eltdf-show eltdf-item-space  show-item has-post-thumbnail hentry show-category-exhibition info-bellow post-7388 type-show-item status-publish has-post-thumbnail hentry show-category-business show-category-culture show-category-empresarial-2 show-category-portugal show-category-portugal-3 info-bellow\">\n\t<div class=\"eltdf-show-inner\">\n\t\t\t\t\t<div class=\"eltdf-show-image\">\n\t\t\t\t<a itemprop=\"url\" href=\"https:\/\/portugalexpo2020dubai.pt\/index.php\/show-item\/arraiolos-tapestry-week\/\" target=\"_self\">\n\t\t\t\t\t<img loading=\"lazy\" decoding=\"async\" width=\"676\" height=\"740\" src=\"https:\/\/portugalexpo2020dubai.pt\/wp-content\/uploads\/2021\/12\/Tapete-1-e1644591589926.png\" class=\"attachment-full size-full\" alt=\"\" srcset=\"https:\/\/portugalexpo2020dubai.pt\/wp-content\/uploads\/2021\/12\/Tapete-1-e1644591589926.png 676w, https:\/\/portugalexpo2020dubai.pt\/wp-content\/uploads\/2021\/12\/Tapete-1-e1644591589926-274x300.png 274w\" sizes=\"auto, (max-width: 676px) 100vw, 676px\" \/>\t\t\t\t<\/a>\n\t\t\t<\/div>\n\t\t\t\t<div class=\"eltdf-show-info\">\n            <div class=\"eltdf-show-info-wrapper\">\n                                                <div class=\"eltdf-show-title-holder\">\n                    <h4 itemprop=\"name\" class=\"eltdf-show-name entry-title\">\n                        <a itemprop=\"url\" href=\"https:\/\/portugalexpo2020dubai.pt\/index.php\/show-item\/arraiolos-tapestry-week\/\">Arraiolos Rugs Week<\/a>\n                    <\/h4>\n                <\/div>\n            <\/div>\n                        <div class=\"eltdf-event-post-read-more-button\">\n                <a itemprop=\"url\" href=\"https:\/\/portugalexpo2020dubai.pt\/index.php\/show-item\/arraiolos-tapestry-week\/\" target=\"_self\"  class=\"eltdf-btn eltdf-btn-medium eltdf-btn-simple eltdf-blog-list-button\"  >    <span class=\"eltdf-btn-text\">View more<\/span>    <\/a>            <\/div>\n\t\t<\/div>\n\t<\/div>\n<\/div>\n\n<div class=\"eltdf-show eltdf-item-space  show-item has-post-thumbnail hentry show-category-exhibition info-bellow post-9542 type-show-item status-publish has-post-thumbnail hentry show-category-conhecimento show-category-culture show-category-portugal show-category-portugal-3 info-bellow\">\n\t<div class=\"eltdf-show-inner\">\n\t\t\t\t\t<div class=\"eltdf-show-image\">\n\t\t\t\t<a itemprop=\"url\" href=\"https:\/\/portugalexpo2020dubai.pt\/index.php\/show-item\/emirati-childrens-day\/\" target=\"_self\">\n\t\t\t\t\t<img loading=\"lazy\" decoding=\"async\" width=\"651\" height=\"740\" src=\"https:\/\/portugalexpo2020dubai.pt\/wp-content\/uploads\/2022\/03\/Workshop-1-e1646907564660.png\" class=\"attachment-full size-full\" alt=\"\" srcset=\"https:\/\/portugalexpo2020dubai.pt\/wp-content\/uploads\/2022\/03\/Workshop-1-e1646907564660.png 651w, https:\/\/portugalexpo2020dubai.pt\/wp-content\/uploads\/2022\/03\/Workshop-1-e1646907564660-264x300.png 264w\" sizes=\"auto, (max-width: 651px) 100vw, 651px\" \/>\t\t\t\t<\/a>\n\t\t\t<\/div>\n\t\t\t\t<div class=\"eltdf-show-info\">\n            <div class=\"eltdf-show-info-wrapper\">\n                                                <div class=\"eltdf-show-title-holder\">\n                    <h4 itemprop=\"name\" class=\"eltdf-show-name entry-title\">\n                        <a itemprop=\"url\" href=\"https:\/\/portugalexpo2020dubai.pt\/index.php\/show-item\/emirati-childrens-day\/\">Emirati Children&#8217;s Day<\/a>\n                    <\/h4>\n                <\/div>\n            <\/div>\n                        <div class=\"eltdf-event-post-read-more-button\">\n                <a itemprop=\"url\" href=\"https:\/\/portugalexpo2020dubai.pt\/index.php\/show-item\/emirati-childrens-day\/\" target=\"_self\"  class=\"eltdf-btn eltdf-btn-medium eltdf-btn-simple eltdf-blog-list-button\"  >    <span class=\"eltdf-btn-text\">View more<\/span>    <\/a>            <\/div>\n\t\t<\/div>\n\t<\/div>\n<\/div>\n\n<div class=\"eltdf-show eltdf-item-space  show-item has-post-thumbnail hentry show-category-exhibition info-bellow post-9534 type-show-item status-publish has-post-thumbnail hentry show-category-business show-category-empresarial-2 show-category-portugal show-category-portugal-3 info-bellow\">\n\t<div class=\"eltdf-show-inner\">\n\t\t\t\t\t<div class=\"eltdf-show-image\">\n\t\t\t\t<a itemprop=\"url\" href=\"https:\/\/portugalexpo2020dubai.pt\/index.php\/show-item\/intermunicipal-community-of-viseu-dao-lafoes\/\" target=\"_self\">\n\t\t\t\t\t<img loading=\"lazy\" decoding=\"async\" width=\"651\" height=\"740\" src=\"https:\/\/portugalexpo2020dubai.pt\/wp-content\/uploads\/2022\/03\/Fotos-Site-1-e1646901961622.png\" class=\"attachment-full size-full\" alt=\"\" srcset=\"https:\/\/portugalexpo2020dubai.pt\/wp-content\/uploads\/2022\/03\/Fotos-Site-1-e1646901961622.png 651w, https:\/\/portugalexpo2020dubai.pt\/wp-content\/uploads\/2022\/03\/Fotos-Site-1-e1646901961622-264x300.png 264w\" sizes=\"auto, (max-width: 651px) 100vw, 651px\" \/>\t\t\t\t<\/a>\n\t\t\t<\/div>\n\t\t\t\t<div class=\"eltdf-show-info\">\n            <div class=\"eltdf-show-info-wrapper\">\n                                                <div class=\"eltdf-show-title-holder\">\n                    <h4 itemprop=\"name\" class=\"eltdf-show-name entry-title\">\n                        <a itemprop=\"url\" href=\"https:\/\/portugalexpo2020dubai.pt\/index.php\/show-item\/intermunicipal-community-of-viseu-dao-lafoes\/\">Intermunicipal Community of Viseu D\u00e3o Laf\u00f5es | Promotional Event<\/a>\n                    <\/h4>\n                <\/div>\n            <\/div>\n                        <div class=\"eltdf-event-post-read-more-button\">\n                <a itemprop=\"url\" href=\"https:\/\/portugalexpo2020dubai.pt\/index.php\/show-item\/intermunicipal-community-of-viseu-dao-lafoes\/\" target=\"_self\"  class=\"eltdf-btn eltdf-btn-medium eltdf-btn-simple eltdf-blog-list-button\"  >    <span class=\"eltdf-btn-text\">View more<\/span>    <\/a>            <\/div>\n\t\t<\/div>\n\t<\/div>\n<\/div>\n\n<div class=\"eltdf-show eltdf-item-space  show-item has-post-thumbnail hentry show-category-exhibition info-bellow post-8701 type-show-item status-publish has-post-thumbnail hentry show-category-culture show-category-portugal info-bellow\">\n\t<div class=\"eltdf-show-inner\">\n\t\t\t\t\t<div class=\"eltdf-show-image\">\n\t\t\t\t<a itemprop=\"url\" href=\"https:\/\/portugalexpo2020dubai.pt\/index.php\/show-item\/photography-exhibition-longing-image\/\" target=\"_self\">\n\t\t\t\t\t<img loading=\"lazy\" decoding=\"async\" width=\"651\" height=\"740\" src=\"https:\/\/portugalexpo2020dubai.pt\/wp-content\/uploads\/2022\/02\/LONGING.IMAGE_-1-e1643736022913.png\" class=\"attachment-full size-full\" alt=\"\" srcset=\"https:\/\/portugalexpo2020dubai.pt\/wp-content\/uploads\/2022\/02\/LONGING.IMAGE_-1-e1643736022913.png 651w, https:\/\/portugalexpo2020dubai.pt\/wp-content\/uploads\/2022\/02\/LONGING.IMAGE_-1-e1643736022913-264x300.png 264w\" sizes=\"auto, (max-width: 651px) 100vw, 651px\" \/>\t\t\t\t<\/a>\n\t\t\t<\/div>\n\t\t\t\t<div class=\"eltdf-show-info\">\n            <div class=\"eltdf-show-info-wrapper\">\n                                                <div class=\"eltdf-show-title-holder\">\n                    <h4 itemprop=\"name\" class=\"eltdf-show-name entry-title\">\n                        <a itemprop=\"url\" href=\"https:\/\/portugalexpo2020dubai.pt\/index.php\/show-item\/photography-exhibition-longing-image\/\">Photography Exhibition &#8220;LONGING.IMAGE&#8221;<\/a>\n                    <\/h4>\n                <\/div>\n            <\/div>\n                        <div class=\"eltdf-event-post-read-more-button\">\n                <a itemprop=\"url\" href=\"https:\/\/portugalexpo2020dubai.pt\/index.php\/show-item\/photography-exhibition-longing-image\/\" target=\"_self\"  class=\"eltdf-btn eltdf-btn-medium eltdf-btn-simple eltdf-blog-list-button\"  >    <span class=\"eltdf-btn-text\">View more<\/span>    <\/a>            <\/div>\n\t\t<\/div>\n\t<\/div>\n<\/div>\n\t<\/div>\n\t<\/div><\/div>[\/vc_column][\/vc_row][vc_row row_content_width=&#8221;grid&#8221; css=&#8221;.vc_custom_1571302777494{padding-top: 147px !important;}&#8221;][vc_column offset=&#8221;vc_col-lg-offset-1 vc_col-lg-10 vc_col-md-offset-0 vc_col-md-12 vc_col-sm-offset-0 vc_col-xs-12&#8243;]<div class=\"eltdf-section-title-holder   eltdf-st-decorative-line\" style=\"text-align: center\">\n\t<div class=\"eltdf-st-inner\">\n                    <span class=\"eltdf-st-caption\" style=\"color: #c9ab81;margin: 0 0 5px 0\">\n                <span class=\"eltdf-st-caption-inner\" >Portuguese Participation<\/span>\n            <\/span>\n        \t\t\t\t\t<h1 class=\"eltdf-st-title\" >\n    <span class=\"eltdf-st-title-inner\"><span class=\"eltdf-st-side-line-left\" ><\/span>Over the years<span class=\"eltdf-st-side-line-right\" ><\/span><\/span>\n\t\t\t<\/h1>\n\t\t\t\t\t\t\t<p class=\"eltdf-st-text\" style=\"font-size: 19px;line-height: 28px;margin: 11px\">\n\t\t\t\tThe Portuguese Pavilion throughout the previous World Fairs\t\t\t<\/p>\n\t\t\t\t\t<\/div>\n<\/div>[\/vc_column][\/vc_row][vc_row content_placement=&#8221;middle&#8221; row_content_width=&#8221;grid&#8221; el_class=&#8221;eltdf-workflow-custom-alignment&#8221;][vc_column]<div class=\"eltdf-workflow eltdf-workflow-animate\">\n    <span class=\"alt-line\"><\/span>\n    <span class=\"main-line\" style=\"background-color:#2a3e77;\"><\/span>\n    <div class=\"eltdf-workflow-item\">\n    <span class=\"line\" style=\"\"><\/span>\n    <div class=\"eltdf-workflow-item-inner\">\n        <div class=\"eltdf-workflow-image\">\n            <img loading=\"lazy\" decoding=\"async\" width=\"483\" height=\"598\" src=\"https:\/\/portugalexpo2020dubai.pt\/wp-content\/uploads\/2021\/09\/PTpavillion_1.png\" class=\"attachment-full size-full\" alt=\"\" srcset=\"https:\/\/portugalexpo2020dubai.pt\/wp-content\/uploads\/2021\/09\/PTpavillion_1.png 483w, https:\/\/portugalexpo2020dubai.pt\/wp-content\/uploads\/2021\/09\/PTpavillion_1-242x300.png 242w\" sizes=\"auto, (max-width: 483px) 100vw, 483px\" \/>        <\/div>\n        <div class=\"eltdf-workflow-text\">\n            <span class=\"circle\" style=\"border-color:#00234d;background-color:#00234d;\"><\/span>\n            <span class=\"circle-line\" style=\"background-color:#00234d;\"><\/span>\n                            <div class=\"year\">1851<\/div>\n                        <div class=\"eltdf-workflow-title-text-holder\">\n                                    <div class=\"year-responsive\">1851<\/div>\n                                                    <span class=\"eltdf-workflow-caption\">London<\/span>\n                                                    <h2>THE GREAT EXHIBITION<\/h2>\n                                                    <span class=\"text\">Portugal was present at the very first Expo, the Great Exhibition of 1851, in London, and has continued to participate regularly ever since. In this defining event of the 19th century, the country made considerable efforts to showcase its natural resources by sharing traditional items, lithographs and agricultural products.<\/span>\n                            <\/div>\n        <\/div>\n    <\/div>\n<\/div>\n<div class=\"eltdf-workflow-item\">\n    <span class=\"line\" style=\"\"><\/span>\n    <div class=\"eltdf-workflow-item-inner\">\n        <div class=\"eltdf-workflow-image\">\n            <img loading=\"lazy\" decoding=\"async\" width=\"1269\" height=\"840\" src=\"https:\/\/portugalexpo2020dubai.pt\/wp-content\/uploads\/2023\/06\/expo-98_site.png\" class=\"attachment-full size-full\" alt=\"\" srcset=\"https:\/\/portugalexpo2020dubai.pt\/wp-content\/uploads\/2023\/06\/expo-98_site.png 1269w, https:\/\/portugalexpo2020dubai.pt\/wp-content\/uploads\/2023\/06\/expo-98_site-300x199.png 300w, https:\/\/portugalexpo2020dubai.pt\/wp-content\/uploads\/2023\/06\/expo-98_site-1024x678.png 1024w, https:\/\/portugalexpo2020dubai.pt\/wp-content\/uploads\/2023\/06\/expo-98_site-768x508.png 768w\" sizes=\"auto, (max-width: 1269px) 100vw, 1269px\" \/>        <\/div>\n        <div class=\"eltdf-workflow-text\">\n            <span class=\"circle\" style=\"border-color:#00234d;background-color:#00234d;\"><\/span>\n            <span class=\"circle-line\" style=\"background-color:#00234d;\"><\/span>\n                            <div class=\"year\">1998<\/div>\n                        <div class=\"eltdf-workflow-title-text-holder\">\n                                    <div class=\"year-responsive\">1998<\/div>\n                                                    <span class=\"eltdf-workflow-caption\">Lisbon<\/span>\n                                                    <h2>The Oceans: a heritage for the Future<\/h2>\n                                                    <span class=\"text\">To commemorate the 500th anniversary of Vasco da Gama's arrival in India, Portugal hosted Expo 1998 in Lisbon, under the theme: \u201cThe Oceans: A Heritage for the Future\u201d. It proposed new ethics in humans\u2019 relationship with nature and elevated the topic of the oceans as a priority for the global political arena. With the participation of 143 nations and 14 international organizations, the Expo was a success, attracting over 10 million visitors.<\/span>\n                            <\/div>\n        <\/div>\n    <\/div>\n<\/div>\n<div class=\"eltdf-workflow-item\">\n    <span class=\"line\" style=\"\"><\/span>\n    <div class=\"eltdf-workflow-item-inner\">\n        <div class=\"eltdf-workflow-image\">\n            <img loading=\"lazy\" decoding=\"async\" width=\"483\" height=\"598\" src=\"https:\/\/portugalexpo2020dubai.pt\/wp-content\/uploads\/2021\/09\/pt-pav2000.jpg\" class=\"attachment-full size-full\" alt=\"\" srcset=\"https:\/\/portugalexpo2020dubai.pt\/wp-content\/uploads\/2021\/09\/pt-pav2000.jpg 483w, https:\/\/portugalexpo2020dubai.pt\/wp-content\/uploads\/2021\/09\/pt-pav2000-242x300.jpg 242w\" sizes=\"auto, (max-width: 483px) 100vw, 483px\" \/>        <\/div>\n        <div class=\"eltdf-workflow-text\">\n            <span class=\"circle\" style=\"border-color:#00234d;background-color:#00234d;\"><\/span>\n            <span class=\"circle-line\" style=\"background-color:#00234d;\"><\/span>\n                            <div class=\"year\">2000<\/div>\n                        <div class=\"eltdf-workflow-title-text-holder\">\n                                    <div class=\"year-responsive\">2000<\/div>\n                                                    <span class=\"eltdf-workflow-caption\">Hannover<\/span>\n                                                    <h2>HUMANKIND \u2013 NATURE \u2013 TECHNOLOGY<\/h2>\n                                                    <span class=\"text\">In Hannover, the Pavilion of Portugal was a notable reference point of Expo 2000 and is now an emblematic work that highlights Portuguese heritage using various materials native to Portugal, such as cork, tiles, viroc (cement-bonded wood-particle board), and Estremoz marble. It showed the inspiration of the sea with its 'wave' roof, unlike anything else in the world. After the Expo in Hannover, the infrastructure was transferred to Coimbra. It took about 12 sea containers and 8 months to reassemble the pavilion.<\/span>\n                            <\/div>\n        <\/div>\n    <\/div>\n<\/div>\n<div class=\"eltdf-workflow-item\">\n    <span class=\"line\" style=\"\"><\/span>\n    <div class=\"eltdf-workflow-item-inner\">\n        <div class=\"eltdf-workflow-image\">\n            <img loading=\"lazy\" decoding=\"async\" width=\"483\" height=\"389\" src=\"https:\/\/portugalexpo2020dubai.pt\/wp-content\/uploads\/2021\/09\/pt-pav2005.png\" class=\"attachment-full size-full\" alt=\"\" srcset=\"https:\/\/portugalexpo2020dubai.pt\/wp-content\/uploads\/2021\/09\/pt-pav2005.png 483w, https:\/\/portugalexpo2020dubai.pt\/wp-content\/uploads\/2021\/09\/pt-pav2005-300x242.png 300w\" sizes=\"auto, (max-width: 483px) 100vw, 483px\" \/>        <\/div>\n        <div class=\"eltdf-workflow-text\">\n            <span class=\"circle\" style=\"border-color:#0a2546;background-color:#0a2546;\"><\/span>\n            <span class=\"circle-line\" style=\"background-color:#0a2546;\"><\/span>\n                            <div class=\"year\">2005<\/div>\n                        <div class=\"eltdf-workflow-title-text-holder\">\n                                    <div class=\"year-responsive\">2005<\/div>\n                                                    <span class=\"eltdf-workflow-caption\">Aichi<\/span>\n                                                    <h2>NATURE\u2019S WISDOM<\/h2>\n                                                    <span class=\"text\">As the first western country to encounter Japan, Portugal brought to Expo 2005 Aichi the theme ``Nature and History: Portugal where the earth ends and the ocean begins``. The Portuguese Pavilion showcased the country's history, gastronomy, its relations with the Far East and, in line with main theme of the Expo, the most recent projects for the development of natural resources and international cooperation.<\/span>\n                            <\/div>\n        <\/div>\n    <\/div>\n<\/div>\n<div class=\"eltdf-workflow-item\">\n    <span class=\"line\" style=\"\"><\/span>\n    <div class=\"eltdf-workflow-item-inner\">\n        <div class=\"eltdf-workflow-image\">\n            <img loading=\"lazy\" decoding=\"async\" width=\"2560\" height=\"1703\" src=\"https:\/\/portugalexpo2020dubai.pt\/wp-content\/uploads\/2021\/09\/expopt_134-scaled.jpg\" class=\"attachment-full size-full\" alt=\"\" srcset=\"https:\/\/portugalexpo2020dubai.pt\/wp-content\/uploads\/2021\/09\/expopt_134-scaled.jpg 2560w, https:\/\/portugalexpo2020dubai.pt\/wp-content\/uploads\/2021\/09\/expopt_134-300x200.jpg 300w, https:\/\/portugalexpo2020dubai.pt\/wp-content\/uploads\/2021\/09\/expopt_134-1024x681.jpg 1024w, https:\/\/portugalexpo2020dubai.pt\/wp-content\/uploads\/2021\/09\/expopt_134-768x511.jpg 768w, https:\/\/portugalexpo2020dubai.pt\/wp-content\/uploads\/2021\/09\/expopt_134-1536x1022.jpg 1536w\" sizes=\"auto, (max-width: 2560px) 100vw, 2560px\" \/>        <\/div>\n        <div class=\"eltdf-workflow-text\">\n            <span class=\"circle\" style=\"border-color:#0a2546;background-color:#0a2546;\"><\/span>\n            <span class=\"circle-line\" style=\"background-color:#0a2546;\"><\/span>\n                            <div class=\"year\">2008<\/div>\n                        <div class=\"eltdf-workflow-title-text-holder\">\n                                    <div class=\"year-responsive\">2008<\/div>\n                                                    <span class=\"eltdf-workflow-caption\">Zaragoza<\/span>\n                                                    <h2>WATER AND SUSTAINABLE DEVELOPMENT<\/h2>\n                                                    <span class=\"text\">With the element of water at the heart of Expo 2008, Portugal\u2019s most iconic rivers \u2013 Douro, Tagus and Guadiana \u2013 represented the theme of Portugal\u2019s participation and the country\u2019s strong connection to Spain. With more than 1,000 square meters, the Portuguese Pavilion was elected the event\u2019s fifth largest and presented forward-thinking strategies for water resource management and sustainable development.<\/span>\n                            <\/div>\n        <\/div>\n    <\/div>\n<\/div>\n<div class=\"eltdf-workflow-item\">\n    <span class=\"line\" style=\"\"><\/span>\n    <div class=\"eltdf-workflow-item-inner\">\n        <div class=\"eltdf-workflow-image\">\n            <img loading=\"lazy\" decoding=\"async\" width=\"483\" height=\"598\" src=\"https:\/\/portugalexpo2020dubai.pt\/wp-content\/uploads\/2021\/09\/PTpavillion_2.png\" class=\"attachment-full size-full\" alt=\"\" srcset=\"https:\/\/portugalexpo2020dubai.pt\/wp-content\/uploads\/2021\/09\/PTpavillion_2.png 483w, https:\/\/portugalexpo2020dubai.pt\/wp-content\/uploads\/2021\/09\/PTpavillion_2-242x300.png 242w\" sizes=\"auto, (max-width: 483px) 100vw, 483px\" \/>        <\/div>\n        <div class=\"eltdf-workflow-text\">\n            <span class=\"circle\" style=\"border-color:#0a2546;background-color:#0a2546;\"><\/span>\n            <span class=\"circle-line\" style=\"background-color:#0a2546;\"><\/span>\n                            <div class=\"year\">2010<\/div>\n                        <div class=\"eltdf-workflow-title-text-holder\">\n                                    <div class=\"year-responsive\">2010<\/div>\n                                                    <span class=\"eltdf-workflow-caption\">Shanghai<\/span>\n                                                    <h2>BETTER CITY, BETTER LIFE<\/h2>\n                                                    <span class=\"text\">\u201cBetter City, Better Life\u201d was the overarching theme of Expo 2010 Shanghai. Portugal\u2019s participation not only showcased the country as a cultural and commercial center, it highlighted the historic relations between Portugal and China, the national advances taken in terms of renewable energies and the environment. Our Pavilion sparked the curiosity of World Expo visitors and stood as an example of Portuguese innovation and sustainable practices. Entirely covered in cork \u2013 a national, recyclable and ecological material \u2013 the building was recognized with a \u201cDesign Award\u201d by the International Exhibition Bureau.<\/span>\n                            <\/div>\n        <\/div>\n    <\/div>\n<\/div>\n    <div class=\"eltdf-workflow-item eltdf-wi-hidden\">\n        <div class=\"eltdf-workflow-item-inner\">\n            <div class=\"eltdf-workflow-text\">\n                <span class=\"circle\"><\/span>\n            <\/div>\n        <\/div>\n    <\/div>\n<\/div>[\/vc_column][\/vc_row][vc_row row_content_width=&#8221;grid&#8221;][vc_column offset=&#8221;vc_col-lg-offset-1 vc_col-lg-10 vc_col-md-offset-0 vc_col-md-12 vc_col-sm-offset-0 vc_col-xs-12&#8243;]<div class=\"eltdf-elements-holder   eltdf-one-column  eltdf-responsive-mode-768 eltdf-one-column-alignment-center\" ><div class=\"eltdf-eh-item   eltdf-horizontal-alignment-center \"  data-item-class=\"eltdf-eh-custom-8240\" data-1400-1600=\"160px 0 153px\" data-1025-1399=\"160px 0 153px\" data-769-1024=\"60px 0 153px\" data-681-768=\"60px 0 153px\" data-680=\"60px 0 153px\">\n\t<div class=\"eltdf-eh-item-inner\">\n\t\t<div class=\"eltdf-eh-item-content eltdf-eh-custom-8240\" style=\"padding: 160px 0 153px\">\n\t\t\t<div class=\"eltdf-testimonials-holder clearfix eltdf-testimonials-standard \">\n    <div class=\"eltdf-testimonials eltdf-owl-slider\" data-number-of-items=\"1\" data-enable-loop=\"yes\" data-enable-autoplay=\"yes\" data-slider-speed=\"5000\" data-slider-speed-animation=\"600\" data-enable-navigation=\"yes\" data-enable-pagination=\"yes\" >\n\n    \n            <div class=\"eltdf-testimonial-content\" id=\"eltdf-testimonials-4352\">\n                <div class=\"eltdf-testimonial-text-holder\">\n                    <div class=\"eltdf-testimonials-quotes-holder\">\n                        <svg version=\"1.1\" xmlns=\"http:\/\/www.w3.org\/2000\/svg\" xmlns:xlink=\"http:\/\/www.w3.org\/1999\/xlink\" x=\"0px\" y=\"0px\"\n                             width=\"24.615px\" height=\"18.233px\" viewBox=\"0 0 24.615 18.233\" enable-background=\"new 0 0 24.615 18.233\" xml:space=\"preserve\">\n                            <g>\n                                <path fill=\"#4E4E4E\" d=\"M19.542,0.007c-1.33,0.165-1.92,0.869-3,3.15v0.75c0,0,3.899,1.604,4.283,4.476\n                                    c0.383,2.862-0.953,6.567-7.658,8.499v1.352c0,0,7.399-1.41,10.342-7.426C27.035,3.596,21.148-0.192,19.542,0.007z\"\/>\n                                <path fill=\"#4E4E4E\" d=\"M6.375,0.007c-1.33,0.165-1.92,0.869-3,3.15v0.75c0,0,3.899,1.604,4.283,4.476\n                                    C8.041,11.245,6.705,14.95,0,16.882v1.352c0,0,7.399-1.41,10.342-7.426C13.868,3.596,7.981-0.192,6.375,0.007z\"\/>\n                            <\/g>\n                        <\/svg>\n                    <\/div>\n                                            <p class=\"eltdf-testimonial-text\">It is with great honor that we see Portugal&#039;s participation in Expo Dubai 2020. This plural exhibition becomes even more relevant in the current context, allowing us to present to the world what is best produced in our country.<\/p>\n                                                                <h6 class=\"eltdf-testimonial-author\">\n                                                            <span class=\"eltdf-testimonials-author-name\">Tom\u00e1s Roquette<\/span>\n                                                    <\/h6>\n                        <div>\n                                                            <div class=\"eltdf-testimonials-author-job\">CEO, Quinta do Crasto<\/div>\n                                                    <\/div>\n                                    <\/div>\n                            <\/div>\n\n    \n            <div class=\"eltdf-testimonial-content\" id=\"eltdf-testimonials-4351\">\n                <div class=\"eltdf-testimonial-text-holder\">\n                    <div class=\"eltdf-testimonials-quotes-holder\">\n                        <svg version=\"1.1\" xmlns=\"http:\/\/www.w3.org\/2000\/svg\" xmlns:xlink=\"http:\/\/www.w3.org\/1999\/xlink\" x=\"0px\" y=\"0px\"\n                             width=\"24.615px\" height=\"18.233px\" viewBox=\"0 0 24.615 18.233\" enable-background=\"new 0 0 24.615 18.233\" xml:space=\"preserve\">\n                            <g>\n                                <path fill=\"#4E4E4E\" d=\"M19.542,0.007c-1.33,0.165-1.92,0.869-3,3.15v0.75c0,0,3.899,1.604,4.283,4.476\n                                    c0.383,2.862-0.953,6.567-7.658,8.499v1.352c0,0,7.399-1.41,10.342-7.426C27.035,3.596,21.148-0.192,19.542,0.007z\"\/>\n                                <path fill=\"#4E4E4E\" d=\"M6.375,0.007c-1.33,0.165-1.92,0.869-3,3.15v0.75c0,0,3.899,1.604,4.283,4.476\n                                    C8.041,11.245,6.705,14.95,0,16.882v1.352c0,0,7.399-1.41,10.342-7.426C13.868,3.596,7.981-0.192,6.375,0.007z\"\/>\n                            <\/g>\n                        <\/svg>\n                    <\/div>\n                                            <p class=\"eltdf-testimonial-text\">Vi\u00fava Lamego has over 170 years of history and know-how linked with Art and Architecture. Being represented at the Portuguese Pavilion makes us very honored and proud.<\/p>\n                                                                <h6 class=\"eltdf-testimonial-author\">\n                                                            <span class=\"eltdf-testimonials-author-name\">Gon\u00e7alo Concei\u00e7\u00e3o<\/span>\n                                                    <\/h6>\n                        <div>\n                                                            <div class=\"eltdf-testimonials-author-job\"> CEO, Vi\u00fava Lamego<\/div>\n                                                    <\/div>\n                                    <\/div>\n                            <\/div>\n\n    \n            <div class=\"eltdf-testimonial-content\" id=\"eltdf-testimonials-4350\">\n                <div class=\"eltdf-testimonial-text-holder\">\n                    <div class=\"eltdf-testimonials-quotes-holder\">\n                        <svg version=\"1.1\" xmlns=\"http:\/\/www.w3.org\/2000\/svg\" xmlns:xlink=\"http:\/\/www.w3.org\/1999\/xlink\" x=\"0px\" y=\"0px\"\n                             width=\"24.615px\" height=\"18.233px\" viewBox=\"0 0 24.615 18.233\" enable-background=\"new 0 0 24.615 18.233\" xml:space=\"preserve\">\n                            <g>\n                                <path fill=\"#4E4E4E\" d=\"M19.542,0.007c-1.33,0.165-1.92,0.869-3,3.15v0.75c0,0,3.899,1.604,4.283,4.476\n                                    c0.383,2.862-0.953,6.567-7.658,8.499v1.352c0,0,7.399-1.41,10.342-7.426C27.035,3.596,21.148-0.192,19.542,0.007z\"\/>\n                                <path fill=\"#4E4E4E\" d=\"M6.375,0.007c-1.33,0.165-1.92,0.869-3,3.15v0.75c0,0,3.899,1.604,4.283,4.476\n                                    C8.041,11.245,6.705,14.95,0,16.882v1.352c0,0,7.399-1.41,10.342-7.426C13.868,3.596,7.981-0.192,6.375,0.007z\"\/>\n                            <\/g>\n                        <\/svg>\n                    <\/div>\n                                            <p class=\"eltdf-testimonial-text\">A fair like Expo 2020 Dubai is essential to show the grandeur, beauty, culture and art that exists in Portugal. It is to discover a World within a Country. At Maria Jo\u00e3o Bahia, we have this vision. To show the world how good, professional, authentic, and innovative our talent is. <\/p>\n                                                                <h6 class=\"eltdf-testimonial-author\">\n                                                            <span class=\"eltdf-testimonials-author-name\">Maria Jo\u00e3o Bahia<\/span>\n                                                    <\/h6>\n                        <div>\n                                                    <\/div>\n                                    <\/div>\n                            <\/div>\n\n    \n    <\/div>\n<\/div>\t\t<\/div>\n\t<\/div>\n<\/div><\/div>[\/vc_column][\/vc_row][vc_row][vc_column]<div class=\"eltdf-section-title-holder   eltdf-st-decorative-line\" style=\"text-align: center\">\n\t<div class=\"eltdf-st-inner\">\n                    <span class=\"eltdf-st-caption\" style=\"color: #c9ab81;margin: 0 0 5px 0\">\n                <span class=\"eltdf-st-caption-inner\" >Portuguese Pavilion<\/span>\n            <\/span>\n        \t\t\t\t\t<h1 class=\"eltdf-st-title\" >\n    <span class=\"eltdf-st-title-inner\"><span class=\"eltdf-st-side-line-left\" ><\/span>Location<span class=\"eltdf-st-side-line-right\" ><\/span><\/span>\n\t\t\t<\/h1>\n\t\t\t\t\t\t\t<\/div>\n<\/div>[\/vc_column][\/vc_row][vc_row css=&#8221;.vc_custom_1631015060015{margin-top: 81px !important;margin-bottom: 120px !important;}&#8221;][vc_column][vc_gmaps link=&#8221;#E-8_JTNDaWZyYW1lJTIwc3JjJTNEJTIyaHR0cHMlM0ElMkYlMkZ3d3cuZ29vZ2xlLmNvbSUyRm1hcHMlMkZlbWJlZCUzRnBiJTNEJTIxMW0xOCUyMTFtMTIlMjExbTMlMjExZDM2MTcuMjUyNzM1MDIwODU1NyUyMTJkNTUuMTQ5NjE4NDUwODMyMjIlMjEzZDI0Ljk1NzUxNDQ0NzQyODMyMyUyMTJtMyUyMTFmMCUyMTJmMCUyMTNmMCUyMTNtMiUyMTFpMTAyNCUyMTJpNzY4JTIxNGYxMy4xJTIxM20zJTIxMW0yJTIxMXMweDNlNWY3M2U5OGFkY2ZjM2YlMjUzQTB4OTA4ZjUwZDQyNjU5ZWI0JTIxMnNQb3J0dWdhbCUyNTIwUGF2aWxsaW9uJTIxNWUwJTIxM20yJTIxMXNwdC1QVCUyMTJzcHQlMjE0djE2MzEwMTA5NzE3OTAlMjE1bTIlMjExc3B0LVBUJTIxMnNwdCUyMiUyMHdpZHRoJTNEJTIyNjAwJTIyJTIwaGVpZ2h0JTNEJTIyNDUwJTIyJTIwc3R5bGUlM0QlMjJib3JkZXIlM0EwJTNCJTIyJTIwYWxsb3dmdWxsc2NyZWVuJTNEJTIyJTIyJTIwbG9hZGluZyUzRCUyMmxhenklMjIlM0UlM0MlMkZpZnJhbWUlM0U=&#8221;][\/vc_column][\/vc_row]<\/p>\n","protected":false},"excerpt":{"rendered":"<p>[vc_row full_height=&#8221;yes&#8221; content_placement=&#8221;top&#8221; css=&#8221;.vc_custom_1630597268172{padding-top: 0px !important;}&#8221;][vc_column css=&#8221;.vc_custom_1630597347079{margin-top: 0px !important;border-top-width: 0px !important;padding-top: 0px !important;}&#8221;][\/vc_column][\/vc_row][vc_row row_content_width=&#8221;grid&#8221; css=&#8221;.vc_custom_1571917309094{padding-top: 147px !important;padding-bottom: 69px !important;}&#8221;][vc_column offset=&#8221;vc_col-lg-offset-1 vc_col-lg-10 vc_col-md-offset-0 vc_col-md-12 vc_col-sm-offset-0 vc_col-xs-12&#8243;][\/vc_column][\/vc_row][vc_row row_content_width=&#8221;grid&#8221; css=&#8221;.vc_custom_1631101131495{padding-bottom: 81px !important;}&#8221;][vc_column][\/vc_column][\/vc_row][vc_row full_width=&#8221;stretch_row&#8221; content_placement=&#8221;middle&#8221; content_text_aligment=&#8221;center&#8221; css=&#8221;.vc_custom_1631021399243{padding-bottom: 81px !important;}&#8221;][vc_column][vc_single_image image=&#8221;5525&#8243; img_size=&#8221;full&#8221; alignment=&#8221;center&#8221;][\/vc_column][\/vc_row][vc_row row_content_width=&#8221;grid&#8221;][vc_column][\/vc_column][\/vc_row][vc_row full_width=&#8221;stretch_row_content_no_spaces&#8221; [&hellip;]<\/p>\n","protected":false},"author":1,"featured_media":0,"parent":0,"menu_order":0,"comment_status":"closed","ping_status":"closed","template":"","meta":{"_monsterinsights_skip_tracking":false,"_monsterinsights_sitenote_active":false,"_monsterinsights_sitenote_note":"","_monsterinsights_sitenote_category":0,"footnotes":""},"class_list":["post-2545","page","type-page","status-publish","hentry"],"yoast_head":"<!-- This site is optimized with the Yoast SEO plugin v27.5 - https:\/\/yoast.com\/product\/yoast-seo-wordpress\/ -->\n<title>Pavilion - Portugal Expo 2020 Dubai<\/title>\n<meta name=\"robots\" content=\"index, follow, max-snippet:-1, max-image-preview:large, max-video-preview:-1\" \/>\n<link rel=\"canonical\" href=\"https:\/\/portugalexpo2020dubai.pt\/index.php\/pavilion\/\" \/>\n<meta property=\"og:locale\" content=\"en_US\" \/>\n<meta property=\"og:type\" content=\"article\" \/>\n<meta property=\"og:title\" content=\"Pavilion - Portugal Expo 2020 Dubai\" \/>\n<meta property=\"og:description\" content=\"[vc_row full_height=&#8221;yes&#8221; content_placement=&#8221;top&#8221; css=&#8221;.vc_custom_1630597268172{padding-top: 0px !important;}&#8221;][vc_column css=&#8221;.vc_custom_1630597347079{margin-top: 0px !important;border-top-width: 0px !important;padding-top: 0px !important;}&#8221;][\/vc_column][\/vc_row][vc_row row_content_width=&#8221;grid&#8221; css=&#8221;.vc_custom_1571917309094{padding-top: 147px !important;padding-bottom: 69px !important;}&#8221;][vc_column offset=&#8221;vc_col-lg-offset-1 vc_col-lg-10 vc_col-md-offset-0 vc_col-md-12 vc_col-sm-offset-0 vc_col-xs-12&#8243;][\/vc_column][\/vc_row][vc_row row_content_width=&#8221;grid&#8221; css=&#8221;.vc_custom_1631101131495{padding-bottom: 81px !important;}&#8221;][vc_column][\/vc_column][\/vc_row][vc_row full_width=&#8221;stretch_row&#8221; content_placement=&#8221;middle&#8221; content_text_aligment=&#8221;center&#8221; css=&#8221;.vc_custom_1631021399243{padding-bottom: 81px !important;}&#8221;][vc_column][vc_single_image image=&#8221;5525&#8243; img_size=&#8221;full&#8221; alignment=&#8221;center&#8221;][\/vc_column][\/vc_row][vc_row row_content_width=&#8221;grid&#8221;][vc_column][\/vc_column][\/vc_row][vc_row full_width=&#8221;stretch_row_content_no_spaces&#8221; [&hellip;]\" \/>\n<meta property=\"og:url\" content=\"https:\/\/portugalexpo2020dubai.pt\/index.php\/pavilion\/\" \/>\n<meta property=\"og:site_name\" content=\"Portugal Expo 2020 Dubai\" \/>\n<meta property=\"article:publisher\" content=\"https:\/\/www.facebook.com\/portugalexpo2020\" \/>\n<meta property=\"article:modified_time\" content=\"2023-06-19T16:09:00+00:00\" \/>\n<meta name=\"twitter:card\" content=\"summary_large_image\" \/>\n<meta name=\"twitter:site\" content=\"@PTexpo2020\" \/>\n<meta name=\"twitter:label1\" content=\"Est. reading time\" \/>\n\t<meta name=\"twitter:data1\" content=\"6 minutes\" \/>\n<script type=\"application\/ld+json\" class=\"yoast-schema-graph\">{\"@context\":\"https:\\\/\\\/schema.org\",\"@graph\":[{\"@type\":\"WebPage\",\"@id\":\"https:\\\/\\\/portugalexpo2020dubai.pt\\\/index.php\\\/pavilion\\\/\",\"url\":\"https:\\\/\\\/portugalexpo2020dubai.pt\\\/index.php\\\/pavilion\\\/\",\"name\":\"Pavilion - Portugal Expo 2020 Dubai\",\"isPartOf\":{\"@id\":\"https:\\\/\\\/portugalexpo2020dubai.pt\\\/#website\"},\"datePublished\":\"2021-09-02T15:13:08+00:00\",\"dateModified\":\"2023-06-19T16:09:00+00:00\",\"breadcrumb\":{\"@id\":\"https:\\\/\\\/portugalexpo2020dubai.pt\\\/index.php\\\/pavilion\\\/#breadcrumb\"},\"inLanguage\":\"en-US\",\"potentialAction\":[{\"@type\":\"ReadAction\",\"target\":[\"https:\\\/\\\/portugalexpo2020dubai.pt\\\/index.php\\\/pavilion\\\/\"]}]},{\"@type\":\"BreadcrumbList\",\"@id\":\"https:\\\/\\\/portugalexpo2020dubai.pt\\\/index.php\\\/pavilion\\\/#breadcrumb\",\"itemListElement\":[{\"@type\":\"ListItem\",\"position\":1,\"name\":\"Home\",\"item\":\"https:\\\/\\\/portugalexpo2020dubai.pt\\\/\"},{\"@type\":\"ListItem\",\"position\":2,\"name\":\"Pavilion\"}]},{\"@type\":\"WebSite\",\"@id\":\"https:\\\/\\\/portugalexpo2020dubai.pt\\\/#website\",\"url\":\"https:\\\/\\\/portugalexpo2020dubai.pt\\\/\",\"name\":\"Portugal Expo 2020 Dubai\",\"description\":\"Portugal Expo 2020 Dubai\",\"publisher\":{\"@id\":\"https:\\\/\\\/portugalexpo2020dubai.pt\\\/#organization\"},\"potentialAction\":[{\"@type\":\"SearchAction\",\"target\":{\"@type\":\"EntryPoint\",\"urlTemplate\":\"https:\\\/\\\/portugalexpo2020dubai.pt\\\/?s={search_term_string}\"},\"query-input\":{\"@type\":\"PropertyValueSpecification\",\"valueRequired\":true,\"valueName\":\"search_term_string\"}}],\"inLanguage\":\"en-US\"},{\"@type\":\"Organization\",\"@id\":\"https:\\\/\\\/portugalexpo2020dubai.pt\\\/#organization\",\"name\":\"Portugal Expo 2020 Dubai\",\"url\":\"https:\\\/\\\/portugalexpo2020dubai.pt\\\/\",\"logo\":{\"@type\":\"ImageObject\",\"inLanguage\":\"en-US\",\"@id\":\"https:\\\/\\\/portugalexpo2020dubai.pt\\\/#\\\/schema\\\/logo\\\/image\\\/\",\"url\":\"https:\\\/\\\/portugalexpo2020dubai.pt\\\/wp-content\\\/uploads\\\/2021\\\/09\\\/logo_aicep.png\",\"contentUrl\":\"https:\\\/\\\/portugalexpo2020dubai.pt\\\/wp-content\\\/uploads\\\/2021\\\/09\\\/logo_aicep.png\",\"width\":830,\"height\":200,\"caption\":\"Portugal Expo 2020 Dubai\"},\"image\":{\"@id\":\"https:\\\/\\\/portugalexpo2020dubai.pt\\\/#\\\/schema\\\/logo\\\/image\\\/\"},\"sameAs\":[\"https:\\\/\\\/www.facebook.com\\\/portugalexpo2020\",\"https:\\\/\\\/x.com\\\/PTexpo2020\",\"https:\\\/\\\/www.instagram.com\\\/portugalexpo2020\\\/\"]}]}<\/script>\n<!-- \/ Yoast SEO plugin. -->","yoast_head_json":{"title":"Pavilion - Portugal Expo 2020 Dubai","robots":{"index":"index","follow":"follow","max-snippet":"max-snippet:-1","max-image-preview":"max-image-preview:large","max-video-preview":"max-video-preview:-1"},"canonical":"https:\/\/portugalexpo2020dubai.pt\/index.php\/pavilion\/","og_locale":"en_US","og_type":"article","og_title":"Pavilion - Portugal Expo 2020 Dubai","og_description":"[vc_row full_height=&#8221;yes&#8221; content_placement=&#8221;top&#8221; css=&#8221;.vc_custom_1630597268172{padding-top: 0px !important;}&#8221;][vc_column css=&#8221;.vc_custom_1630597347079{margin-top: 0px !important;border-top-width: 0px !important;padding-top: 0px !important;}&#8221;][\/vc_column][\/vc_row][vc_row row_content_width=&#8221;grid&#8221; css=&#8221;.vc_custom_1571917309094{padding-top: 147px !important;padding-bottom: 69px !important;}&#8221;][vc_column offset=&#8221;vc_col-lg-offset-1 vc_col-lg-10 vc_col-md-offset-0 vc_col-md-12 vc_col-sm-offset-0 vc_col-xs-12&#8243;][\/vc_column][\/vc_row][vc_row row_content_width=&#8221;grid&#8221; css=&#8221;.vc_custom_1631101131495{padding-bottom: 81px !important;}&#8221;][vc_column][\/vc_column][\/vc_row][vc_row full_width=&#8221;stretch_row&#8221; content_placement=&#8221;middle&#8221; content_text_aligment=&#8221;center&#8221; css=&#8221;.vc_custom_1631021399243{padding-bottom: 81px !important;}&#8221;][vc_column][vc_single_image image=&#8221;5525&#8243; img_size=&#8221;full&#8221; alignment=&#8221;center&#8221;][\/vc_column][\/vc_row][vc_row row_content_width=&#8221;grid&#8221;][vc_column][\/vc_column][\/vc_row][vc_row full_width=&#8221;stretch_row_content_no_spaces&#8221; [&hellip;]","og_url":"https:\/\/portugalexpo2020dubai.pt\/index.php\/pavilion\/","og_site_name":"Portugal Expo 2020 Dubai","article_publisher":"https:\/\/www.facebook.com\/portugalexpo2020","article_modified_time":"2023-06-19T16:09:00+00:00","twitter_card":"summary_large_image","twitter_site":"@PTexpo2020","twitter_misc":{"Est. reading time":"6 minutes"},"schema":{"@context":"https:\/\/schema.org","@graph":[{"@type":"WebPage","@id":"https:\/\/portugalexpo2020dubai.pt\/index.php\/pavilion\/","url":"https:\/\/portugalexpo2020dubai.pt\/index.php\/pavilion\/","name":"Pavilion - Portugal Expo 2020 Dubai","isPartOf":{"@id":"https:\/\/portugalexpo2020dubai.pt\/#website"},"datePublished":"2021-09-02T15:13:08+00:00","dateModified":"2023-06-19T16:09:00+00:00","breadcrumb":{"@id":"https:\/\/portugalexpo2020dubai.pt\/index.php\/pavilion\/#breadcrumb"},"inLanguage":"en-US","potentialAction":[{"@type":"ReadAction","target":["https:\/\/portugalexpo2020dubai.pt\/index.php\/pavilion\/"]}]},{"@type":"BreadcrumbList","@id":"https:\/\/portugalexpo2020dubai.pt\/index.php\/pavilion\/#breadcrumb","itemListElement":[{"@type":"ListItem","position":1,"name":"Home","item":"https:\/\/portugalexpo2020dubai.pt\/"},{"@type":"ListItem","position":2,"name":"Pavilion"}]},{"@type":"WebSite","@id":"https:\/\/portugalexpo2020dubai.pt\/#website","url":"https:\/\/portugalexpo2020dubai.pt\/","name":"Portugal Expo 2020 Dubai","description":"Portugal Expo 2020 Dubai","publisher":{"@id":"https:\/\/portugalexpo2020dubai.pt\/#organization"},"potentialAction":[{"@type":"SearchAction","target":{"@type":"EntryPoint","urlTemplate":"https:\/\/portugalexpo2020dubai.pt\/?s={search_term_string}"},"query-input":{"@type":"PropertyValueSpecification","valueRequired":true,"valueName":"search_term_string"}}],"inLanguage":"en-US"},{"@type":"Organization","@id":"https:\/\/portugalexpo2020dubai.pt\/#organization","name":"Portugal Expo 2020 Dubai","url":"https:\/\/portugalexpo2020dubai.pt\/","logo":{"@type":"ImageObject","inLanguage":"en-US","@id":"https:\/\/portugalexpo2020dubai.pt\/#\/schema\/logo\/image\/","url":"https:\/\/portugalexpo2020dubai.pt\/wp-content\/uploads\/2021\/09\/logo_aicep.png","contentUrl":"https:\/\/portugalexpo2020dubai.pt\/wp-content\/uploads\/2021\/09\/logo_aicep.png","width":830,"height":200,"caption":"Portugal Expo 2020 Dubai"},"image":{"@id":"https:\/\/portugalexpo2020dubai.pt\/#\/schema\/logo\/image\/"},"sameAs":["https:\/\/www.facebook.com\/portugalexpo2020","https:\/\/x.com\/PTexpo2020","https:\/\/www.instagram.com\/portugalexpo2020\/"]}]}},"_links":{"self":[{"href":"https:\/\/portugalexpo2020dubai.pt\/index.php\/wp-json\/wp\/v2\/pages\/2545","targetHints":{"allow":["GET"]}}],"collection":[{"href":"https:\/\/portugalexpo2020dubai.pt\/index.php\/wp-json\/wp\/v2\/pages"}],"about":[{"href":"https:\/\/portugalexpo2020dubai.pt\/index.php\/wp-json\/wp\/v2\/types\/page"}],"author":[{"embeddable":true,"href":"https:\/\/portugalexpo2020dubai.pt\/index.php\/wp-json\/wp\/v2\/users\/1"}],"replies":[{"embeddable":true,"href":"https:\/\/portugalexpo2020dubai.pt\/index.php\/wp-json\/wp\/v2\/comments?post=2545"}],"version-history":[{"count":4,"href":"https:\/\/portugalexpo2020dubai.pt\/index.php\/wp-json\/wp\/v2\/pages\/2545\/revisions"}],"predecessor-version":[{"id":10040,"href":"https:\/\/portugalexpo2020dubai.pt\/index.php\/wp-json\/wp\/v2\/pages\/2545\/revisions\/10040"}],"wp:attachment":[{"href":"https:\/\/portugalexpo2020dubai.pt\/index.php\/wp-json\/wp\/v2\/media?parent=2545"}],"curies":[{"name":"wp","href":"https:\/\/api.w.org\/{rel}","templated":true}]}}